{"id":3331,"date":"2022-08-30T11:25:35","date_gmt":"2022-08-30T17:25:35","guid":{"rendered":"https:\/\/maristasguaynabo.org\/home\/?page_id=3331"},"modified":"2025-08-07T12:23:55","modified_gmt":"2025-08-07T18:23:55","slug":"junta-de-padres","status":"publish","type":"page","link":"https:\/\/maristasguaynabo.org\/home\/quienes-somos\/junta-de-padres\/","title":{"rendered":"Junta de Padres"},"content":{"rendered":"\t\t<div data-elementor-type=\"wp-page\" data-elementor-id=\"3331\" class=\"elementor elementor-3331\" data-elementor-post-type=\"page\">\n\t\t\t\t\t\t<section class=\"elementor-section elementor-top-section elementor-element elementor-element-de6e01b elementor-section-full_width elementor-section-height-default elementor-section-height-default\" data-id=\"de6e01b\" data-element_type=\"section\" data-e-type=\"section\" data-settings=\"{&quot;background_background&quot;:&quot;classic&quot;}\">\n\t\t\t\t\t\t<div class=\"elementor-container elementor-column-gap-no\">\n\t\t\t\t\t<div class=\"elementor-column elementor-col-100 elementor-top-column elementor-element elementor-element-20aecf7\" data-id=\"20aecf7\" data-element_type=\"column\" data-e-type=\"column\">\n\t\t\t<div class=\"elementor-widget-wrap elementor-element-populated\">\n\t\t\t\t\t\t<section class=\"elementor-section elementor-inner-section elementor-element elementor-element-04b85df elementor-section-boxed elementor-section-height-default elementor-section-height-default elementor-invisible\" data-id=\"04b85df\" data-element_type=\"section\" data-e-type=\"section\" data-settings=\"{&quot;motion_fx_motion_fx_scrolling&quot;:&quot;yes&quot;,&quot;animation&quot;:&quot;slideInRight&quot;,&quot;motion_fx_devices&quot;:[&quot;desktop&quot;,&quot;tablet&quot;,&quot;mobile&quot;]}\">\n\t\t\t\t\t\t<div class=\"elementor-container elementor-column-gap-default\">\n\t\t\t\t\t<div class=\"elementor-column elementor-col-100 elementor-inner-column elementor-element elementor-element-a432ff0\" data-id=\"a432ff0\" data-element_type=\"column\" data-e-type=\"column\">\n\t\t\t<div class=\"elementor-widget-wrap elementor-element-populated\">\n\t\t\t\t\t\t<div class=\"elementor-element elementor-element-e922189 elementor-widget__width-initial elementor-widget-mobile__width-initial elementor-widget elementor-widget-image\" data-id=\"e922189\" data-element_type=\"widget\" data-e-type=\"widget\" data-widget_type=\"image.default\">\n\t\t\t\t<div class=\"elementor-widget-container\">\n\t\t\t\t\t\t\t\t\t\t\t\t\t\t\t<img decoding=\"async\" width=\"13\" height=\"40\" src=\"https:\/\/maristasguaynabo.org\/home\/wp-content\/uploads\/2021\/08\/section.png\" class=\"attachment-full size-full wp-image-86\" alt=\"\" \/>\t\t\t\t\t\t\t\t\t\t\t\t\t\t\t<\/div>\n\t\t\t\t<\/div>\n\t\t\t\t<div class=\"elementor-element elementor-element-b0ad1ff elementor-widget__width-auto elementor-widget elementor-widget-heading\" data-id=\"b0ad1ff\" data-element_type=\"widget\" data-e-type=\"widget\" data-widget_type=\"heading.default\">\n\t\t\t\t<div class=\"elementor-widget-container\">\n\t\t\t\t\t<h2 class=\"elementor-heading-title elementor-size-default\">Junta de Padres<\/h2>\t\t\t\t<\/div>\n\t\t\t\t<\/div>\n\t\t\t\t\t<\/div>\n\t\t<\/div>\n\t\t\t\t\t<\/div>\n\t\t<\/section>\n\t\t\t\t\t<\/div>\n\t\t<\/div>\n\t\t\t\t\t<\/div>\n\t\t<\/section>\n\t\t\t\t<section class=\"elementor-section elementor-top-section elementor-element elementor-element-19c942e elementor-section-full_width elementor-section-height-default elementor-section-height-default\" data-id=\"19c942e\" data-element_type=\"section\" data-e-type=\"section\">\n\t\t\t\t\t\t<div class=\"elementor-container elementor-column-gap-no\">\n\t\t\t\t\t<div class=\"elementor-column elementor-col-100 elementor-top-column elementor-element elementor-element-5158cb7\" data-id=\"5158cb7\" data-element_type=\"column\" data-e-type=\"column\">\n\t\t\t<div class=\"elementor-widget-wrap elementor-element-populated\">\n\t\t\t\t\t\t<div class=\"elementor-element elementor-element-8bc2258 elementor-widget elementor-widget-image\" data-id=\"8bc2258\" data-element_type=\"widget\" data-e-type=\"widget\" data-widget_type=\"image.default\">\n\t\t\t\t<div class=\"elementor-widget-container\">\n\t\t\t\t\t\t\t\t\t\t\t\t\t\t\t<img fetchpriority=\"high\" decoding=\"async\" width=\"1979\" height=\"789\" src=\"https:\/\/maristasguaynabo.org\/home\/wp-content\/uploads\/2022\/08\/Para-educar-a-los-ninos-hay-que-amarlos-y-amarlos-a-todos-por-igual.-3.png\" class=\"attachment-full size-full wp-image-3332\" alt=\"\" srcset=\"https:\/\/maristasguaynabo.org\/home\/wp-content\/uploads\/2022\/08\/Para-educar-a-los-ninos-hay-que-amarlos-y-amarlos-a-todos-por-igual.-3.png 1979w, https:\/\/maristasguaynabo.org\/home\/wp-content\/uploads\/2022\/08\/Para-educar-a-los-ninos-hay-que-amarlos-y-amarlos-a-todos-por-igual.-3-300x120.png 300w, https:\/\/maristasguaynabo.org\/home\/wp-content\/uploads\/2022\/08\/Para-educar-a-los-ninos-hay-que-amarlos-y-amarlos-a-todos-por-igual.-3-1024x408.png 1024w, https:\/\/maristasguaynabo.org\/home\/wp-content\/uploads\/2022\/08\/Para-educar-a-los-ninos-hay-que-amarlos-y-amarlos-a-todos-por-igual.-3-768x306.png 768w, https:\/\/maristasguaynabo.org\/home\/wp-content\/uploads\/2022\/08\/Para-educar-a-los-ninos-hay-que-amarlos-y-amarlos-a-todos-por-igual.-3-1536x612.png 1536w\" sizes=\"(max-width: 1979px) 100vw, 1979px\" \/>\t\t\t\t\t\t\t\t\t\t\t\t\t\t\t<\/div>\n\t\t\t\t<\/div>\n\t\t\t\t\t<\/div>\n\t\t<\/div>\n\t\t\t\t\t<\/div>\n\t\t<\/section>\n\t\t\t\t<section class=\"elementor-section elementor-top-section elementor-element elementor-element-e3f8415 elementor-section-boxed elementor-section-height-default elementor-section-height-default\" data-id=\"e3f8415\" data-element_type=\"section\" data-e-type=\"section\">\n\t\t\t\t\t\t<div class=\"elementor-container elementor-column-gap-default\">\n\t\t\t\t\t<div class=\"elementor-column elementor-col-100 elementor-top-column elementor-element elementor-element-1690fd7\" data-id=\"1690fd7\" data-element_type=\"column\" data-e-type=\"column\">\n\t\t\t<div class=\"elementor-widget-wrap elementor-element-populated\">\n\t\t\t\t\t\t<div class=\"elementor-element elementor-element-e7edce5 elementor-tabs-view-horizontal elementor-widget elementor-widget-tabs\" data-id=\"e7edce5\" data-element_type=\"widget\" data-e-type=\"widget\" data-widget_type=\"tabs.default\">\n\t\t\t\t<div class=\"elementor-widget-container\">\n\t\t\t\t\t\t\t<div class=\"elementor-tabs\">\n\t\t\t<div class=\"elementor-tabs-wrapper\" role=\"tablist\" >\n\t\t\t\t\t\t\t\t\t<div id=\"elementor-tab-title-2431\" class=\"elementor-tab-title elementor-tab-desktop-title\" aria-selected=\"true\" data-tab=\"1\" role=\"tab\" tabindex=\"0\" aria-controls=\"elementor-tab-content-2431\" aria-expanded=\"false\">Objetivo y Estatutos<\/div>\n\t\t\t\t\t\t\t\t\t<div id=\"elementor-tab-title-2432\" class=\"elementor-tab-title elementor-tab-desktop-title\" aria-selected=\"false\" data-tab=\"2\" role=\"tab\" tabindex=\"-1\" aria-controls=\"elementor-tab-content-2432\" aria-expanded=\"false\">Directiva<\/div>\n\t\t\t\t\t\t\t\t\t<div id=\"elementor-tab-title-2433\" class=\"elementor-tab-title elementor-tab-desktop-title\" aria-selected=\"false\" data-tab=\"3\" role=\"tab\" tabindex=\"-1\" aria-controls=\"elementor-tab-content-2433\" aria-expanded=\"false\">Enlaces de Grado<\/div>\n\t\t\t\t\t\t\t\t\t<div id=\"elementor-tab-title-2434\" class=\"elementor-tab-title elementor-tab-desktop-title\" aria-selected=\"false\" data-tab=\"4\" role=\"tab\" tabindex=\"-1\" aria-controls=\"elementor-tab-content-2434\" aria-expanded=\"false\">Miembros Honorarios<\/div>\n\t\t\t\t\t\t\t\t\t<div id=\"elementor-tab-title-2435\" class=\"elementor-tab-title elementor-tab-desktop-title\" aria-selected=\"false\" data-tab=\"5\" role=\"tab\" tabindex=\"-1\" aria-controls=\"elementor-tab-content-2435\" aria-expanded=\"false\">Fondo de Becas<\/div>\n\t\t\t\t\t\t\t\t\t<div id=\"elementor-tab-title-2436\" class=\"elementor-tab-title elementor-tab-desktop-title\" aria-selected=\"false\" data-tab=\"6\" role=\"tab\" tabindex=\"-1\" aria-controls=\"elementor-tab-content-2436\" aria-expanded=\"false\">Contacto<\/div>\n\t\t\t\t\t\t\t<\/div>\n\t\t\t<div class=\"elementor-tabs-content-wrapper\" role=\"tablist\" aria-orientation=\"vertical\">\n\t\t\t\t\t\t\t\t\t<div class=\"elementor-tab-title elementor-tab-mobile-title\" aria-selected=\"true\" data-tab=\"1\" role=\"tab\" tabindex=\"0\" aria-controls=\"elementor-tab-content-2431\" aria-expanded=\"false\">Objetivo y Estatutos<\/div>\n\t\t\t\t\t<div id=\"elementor-tab-content-2431\" class=\"elementor-tab-content elementor-clearfix\" data-tab=\"1\" role=\"tabpanel\" aria-labelledby=\"elementor-tab-title-2431\" tabindex=\"0\" hidden=\"false\"><h2>Objetivo de la Junta de Padres<\/h2><ol><li>Impulsar la vivencia de la filosof\u00eda marista (humildad, sencillez, modestia, solidaridad, esp\u00edritu de familia, amor al trabajo).<\/li><li>Potenciar los v\u00ednculos de colaboraci\u00f3n entre la Comunidad Marista<\/li><li>Promover y apoyar todo lo que contribuya al bienestar y desarrollo de los alumnos, los padres y la comunidad Marista en general. (mediante actividades programadas a trav\u00e9s del a\u00f1o con objetivos claros).<\/li><li>Ser facilitadores de la comunicaci\u00f3n entre los padres, maestros y la Administraci\u00f3n.<\/li><li>Apoyar directamente el Fondo de Becas del Colegio Marista<\/li><\/ol><h2>Estatutos de la Asociaci\u00f3n de Padres del Colegio Marista de Guaynabo<\/h2><p><a href=\"https:\/\/issuu.com\/maristasguaynabo\/docs\/reglamentos.docx\"><img decoding=\"async\" class=\"alignnone wp-image-4875 size-medium\" src=\"https:\/\/maristasguaynabo.org\/home\/wp-content\/uploads\/2024\/10\/Estatutos-300x300.png\" alt=\"\" width=\"300\" height=\"300\" srcset=\"https:\/\/maristasguaynabo.org\/home\/wp-content\/uploads\/2024\/10\/Estatutos-300x300.png 300w, https:\/\/maristasguaynabo.org\/home\/wp-content\/uploads\/2024\/10\/Estatutos-1024x1024.png 1024w, https:\/\/maristasguaynabo.org\/home\/wp-content\/uploads\/2024\/10\/Estatutos-150x150.png 150w, https:\/\/maristasguaynabo.org\/home\/wp-content\/uploads\/2024\/10\/Estatutos-768x768.png 768w, https:\/\/maristasguaynabo.org\/home\/wp-content\/uploads\/2024\/10\/Estatutos.png 1080w\" sizes=\"(max-width: 300px) 100vw, 300px\" \/><\/a><\/p><\/div>\n\t\t\t\t\t\t\t\t\t<div class=\"elementor-tab-title elementor-tab-mobile-title\" aria-selected=\"false\" data-tab=\"2\" role=\"tab\" tabindex=\"-1\" aria-controls=\"elementor-tab-content-2432\" aria-expanded=\"false\">Directiva<\/div>\n\t\t\t\t\t<div id=\"elementor-tab-content-2432\" class=\"elementor-tab-content elementor-clearfix\" data-tab=\"2\" role=\"tabpanel\" aria-labelledby=\"elementor-tab-title-2432\" tabindex=\"0\" hidden=\"hidden\"><h2>Presidentes 2025-2026<\/h2><p>Priscilla P\u00e9rez<br \/>Charlie Latour<\/p><h2>Pasados Presidentes<\/h2><p>Nilseny Acevedo y Alberto Mu\u00f1oz<\/p><p>Karina Rodr\u00edguez y Rodrigo Barasorda<\/p><h2>Vice Presidentes<\/h2><p>Jorge Cumba y Michelle Berr\u00edos<\/p><h2>Secretarios<\/h2><p>Janina Cort\u00e9s y Andr\u00e9 Lewis<\/p><h2>Tesoreros<\/h2><p>Rosario P\u00e9rez y Francisco Medina<\/p><h2>Vocales<\/h2><p>M\u00f3nica Rivera y Jorge Casas<\/p><p>Janice Ortiz y Ernesto R\u00edos<\/p><p>Magdalena del Valle y Carlos Cernuda<\/p><p>Melissa Rodr\u00edguez y Andr\u00e9 Lamoutte<\/p><p>Wilitza V\u00e1zquez<\/p><h2>\u00a0<\/h2><\/div>\n\t\t\t\t\t\t\t\t\t<div class=\"elementor-tab-title elementor-tab-mobile-title\" aria-selected=\"false\" data-tab=\"3\" role=\"tab\" tabindex=\"-1\" aria-controls=\"elementor-tab-content-2433\" aria-expanded=\"false\">Enlaces de Grado<\/div>\n\t\t\t\t\t<div id=\"elementor-tab-content-2433\" class=\"elementor-tab-content elementor-clearfix\" data-tab=\"3\" role=\"tabpanel\" aria-labelledby=\"elementor-tab-title-2433\" tabindex=\"0\" hidden=\"hidden\"><h2>Preescolar<\/h2>\n<p>Pre-Pre-Kinder | Tiffany Doll y Oscar Rivera (Primer a\u00f1o)<\/p>\n<p>Pre-Kinder | Denise de la Vega y Jos\u00e9 de Katow (Segundo a\u00f1o)<br>Kinder | Graciela&nbsp; Ram\u00edrez y Edwin Rosado (Tercer a\u00f1o)<\/p>\n<h2>Elemental<\/h2>\n<p>Primer Grado |Mariene Ostolaza y Joel Ruiz (Primer a\u00f1o)<\/p>\n<p>Segundo Grado| Cristina Pietri y Jos\u00e9 Gaya (Segundo a\u00f1o)<\/p>\n<p>Tercer Grado | Mar\u00eda Ortiz y H\u00e9ctor Mujica (Segundo a\u00f1o)<\/p>\n<p>Cuarto Grado |Laureen Valle y David Ol\u00e1n<\/p>\n<h2>Intermedia<\/h2>\n<p>Quinto Grado |Erika L\u00f3pez y Jos\u00e9 Vega (Segundo a\u00f1o)<\/p>\n<p>Sexto Grado | Serivette Cobi\u00e1n y Juan J. Toro (Segundo a\u00f1o)<\/p>\n<p>S\u00e9ptimo Grado | Samira Rosa y Carlos Negroni (Primer a\u00f1o)<\/p>\n<p>Octavo Grado| Mar\u00eda del C. Rodr\u00edguez y Julio V\u00e1zquez (Segundo a\u00f1o)<\/p>\n<h2>Superior<\/h2>\n<p>Noveno Grado |&nbsp;<\/p>\n<p>D\u00e9cimo Grado | Gabriela Hern\u00e1ndez y Gerardo Garofalo (Primer a\u00f1o)<\/p>\n<p>Und\u00e9cimo Grado |Ana de la Cruz y Luis Pe\u00f1a (Segundo a\u00f1o)<\/p>\n<p>Duod\u00e9cimo Grado |&nbsp; Jorge Tirado y Alina Giannotti (Tercer a\u00f1o)<\/p><\/div>\n\t\t\t\t\t\t\t\t\t<div class=\"elementor-tab-title elementor-tab-mobile-title\" aria-selected=\"false\" data-tab=\"4\" role=\"tab\" tabindex=\"-1\" aria-controls=\"elementor-tab-content-2434\" aria-expanded=\"false\">Miembros Honorarios<\/div>\n\t\t\t\t\t<div id=\"elementor-tab-content-2434\" class=\"elementor-tab-content elementor-clearfix\" data-tab=\"4\" role=\"tabpanel\" aria-labelledby=\"elementor-tab-title-2434\" tabindex=\"0\" hidden=\"hidden\"><h2>Honorarios<\/h2>\n<p><\/p>\n<p>Anthony Giannotti y Janhir Rivera<br>David Machado y Lorraine Pieraldi<br>Jes\u00fas Pan y Karla Saizarbitoria<br>William Nu\u00f1ez y Janelle Laforet<br>Gaby M\u00e9ndez e Ivelisse Trevi\u00f1o<br>Luis Maldonado y B\u00e1rbara Mart\u00ednez<br>Ignacio Vidal y Carmen Alonso<br>Marcel Ramos y Carolina Miranda<br>Jean L\u00f3pez y Betzabel Flores<br>Jos\u00e9 D\u00edaz y Michelle Teruel<br>Alfonso Cuesta y Andrea Garay<br>Joel Rivera y Laura Castellanos<\/p>\n<p><\/p><\/div>\n\t\t\t\t\t\t\t\t\t<div class=\"elementor-tab-title elementor-tab-mobile-title\" aria-selected=\"false\" data-tab=\"5\" role=\"tab\" tabindex=\"-1\" aria-controls=\"elementor-tab-content-2435\" aria-expanded=\"false\">Fondo de Becas<\/div>\n\t\t\t\t\t<div id=\"elementor-tab-content-2435\" class=\"elementor-tab-content elementor-clearfix\" data-tab=\"5\" role=\"tabpanel\" aria-labelledby=\"elementor-tab-title-2435\" tabindex=\"0\" hidden=\"hidden\"><h2><img loading=\"lazy\" decoding=\"async\" class=\"size-full wp-image-3341 alignleft\" src=\"https:\/\/maristasguaynabo.org\/home\/wp-content\/uploads\/2022\/08\/FONDO-DE-BECAS.png\" alt=\"\" width=\"250\" height=\"250\" srcset=\"https:\/\/maristasguaynabo.org\/home\/wp-content\/uploads\/2022\/08\/FONDO-DE-BECAS.png 250w, https:\/\/maristasguaynabo.org\/home\/wp-content\/uploads\/2022\/08\/FONDO-DE-BECAS-150x150.png 150w\" sizes=\"(max-width: 250px) 100vw, 250px\" \/><\/h2>\n<h2>Creado en el 1975<\/h2>\n<p>Para atender las a las familias Maristas dentro del Colegio de Guaynabo.<\/p>\n<h2>Prop\u00f3sito:<\/h2>\n<p>Permitir que estudiantes del colegio contin\u00faen sus estudios en el colegio a\u00fan cuando la familia enfrente alguna necesidad econ\u00f3mica especial o inesperada.<\/p>\n<p>1 de cada 5&nbsp;familias en el colegio&nbsp; son apoyadas por el Fondo de Becas.<\/p>\n<h2>&nbsp;<\/h2>\n<h2>La Verbena Familiar Marista<\/h2>\n<p>Anualmente se realiza esta actividad para toda la familia Marista. Todos los fondos recolectados son para el Fondo de Becas del Colegio. Este a\u00f1o se celebrar\u00e1 el 13 y 14 de marzo de 2024.<\/p><\/div>\n\t\t\t\t\t\t\t\t\t<div class=\"elementor-tab-title elementor-tab-mobile-title\" aria-selected=\"false\" data-tab=\"6\" role=\"tab\" tabindex=\"-1\" aria-controls=\"elementor-tab-content-2436\" aria-expanded=\"false\">Contacto<\/div>\n\t\t\t\t\t<div id=\"elementor-tab-content-2436\" class=\"elementor-tab-content elementor-clearfix\" data-tab=\"6\" role=\"tabpanel\" aria-labelledby=\"elementor-tab-title-2436\" tabindex=\"0\" hidden=\"hidden\"><h2>\u00a0<\/h2><h2>Puede escribir a:<\/h2><p>juntadepadres@maristasguaynabo.org<\/p><h2>S\u00edganos en las redes sociales:<\/h2><h2><img loading=\"lazy\" decoding=\"async\" class=\"wp-image-3333 alignleft\" src=\"https:\/\/maristasguaynabo.org\/home\/wp-content\/uploads\/2022\/08\/fcbk.png\" alt=\"\" width=\"48\" height=\"48\" \/><\/h2><p>Facebook: @jdepadresmaristasguaynabo<\/p><h2><img loading=\"lazy\" decoding=\"async\" class=\"wp-image-3334 alignleft\" src=\"https:\/\/maristasguaynabo.org\/home\/wp-content\/uploads\/2022\/08\/Insta.png\" alt=\"\" width=\"42\" height=\"42\" \/><\/h2><p>Instagram: @juntadepadresmarista<\/p><\/div>\n\t\t\t\t\t\t\t<\/div>\n\t\t<\/div>\n\t\t\t\t\t\t<\/div>\n\t\t\t\t<\/div>\n\t\t\t\t\t<\/div>\n\t\t<\/div>\n\t\t\t\t\t<\/div>\n\t\t<\/section>\n\t\t\t\t<\/div>\n\t\t","protected":false},"excerpt":{"rendered":"<p>Junta de Padres Objetivo y Estatutos Directiva Enlaces de Grado Miembros Honorarios Fondo de Becas Contacto Objetivo y Estatutos Objetivo de la Junta de Padres Impulsar la vivencia de la filosof\u00eda marista (humildad, sencillez, modestia, solidaridad, esp\u00edritu de familia, amor al trabajo). Potenciar los v\u00ednculos de colaboraci\u00f3n entre la Comunidad Marista Promover y apoyar todo [&hellip;]<\/p>\n","protected":false},"author":5,"featured_media":0,"parent":1788,"menu_order":4,"comment_status":"closed","ping_status":"closed","template":"","meta":{"_monsterinsights_skip_tracking":false,"_monsterinsights_sitenote_active":false,"_monsterinsights_sitenote_note":"","_monsterinsights_sitenote_category":0,"footnotes":""},"class_list":["post-3331","page","type-page","status-publish","hentry"],"yoast_head":"<!-- This site is optimized with the Yoast SEO plugin v27.2 - https:\/\/yoast.com\/product\/yoast-seo-wordpress\/ -->\n<title>Junta de Padres - Colegio Marista Guaynabo<\/title>\n<meta name=\"robots\" content=\"index, follow, max-snippet:-1, max-image-preview:large, max-video-preview:-1\" \/>\n<link rel=\"canonical\" href=\"https:\/\/maristasguaynabo.org\/home\/quienes-somos\/junta-de-padres\/\" \/>\n<meta property=\"og:locale\" content=\"es_ES\" \/>\n<meta property=\"og:type\" content=\"article\" \/>\n<meta property=\"og:title\" content=\"Junta de Padres - Colegio Marista Guaynabo\" \/>\n<meta property=\"og:description\" content=\"Junta de Padres Objetivo y Estatutos Directiva Enlaces de Grado Miembros Honorarios Fondo de Becas Contacto Objetivo y Estatutos Objetivo de la Junta de Padres Impulsar la vivencia de la filosof\u00eda marista (humildad, sencillez, modestia, solidaridad, esp\u00edritu de familia, amor al trabajo). Potenciar los v\u00ednculos de colaboraci\u00f3n entre la Comunidad Marista Promover y apoyar todo [&hellip;]\" \/>\n<meta property=\"og:url\" content=\"https:\/\/maristasguaynabo.org\/home\/quienes-somos\/junta-de-padres\/\" \/>\n<meta property=\"og:site_name\" content=\"Colegio Marista Guaynabo\" \/>\n<meta property=\"article:modified_time\" content=\"2025-08-07T18:23:55+00:00\" \/>\n<meta property=\"og:image\" content=\"https:\/\/maristasguaynabo.org\/home\/wp-content\/uploads\/2021\/08\/section.png\" \/>\n\t<meta property=\"og:image:width\" content=\"13\" \/>\n\t<meta property=\"og:image:height\" content=\"40\" \/>\n\t<meta property=\"og:image:type\" content=\"image\/png\" \/>\n<meta name=\"twitter:card\" content=\"summary_large_image\" \/>\n<meta name=\"twitter:label1\" content=\"Tiempo de lectura\" \/>\n\t<meta name=\"twitter:data1\" content=\"4 minutos\" \/>\n<script type=\"application\/ld+json\" class=\"yoast-schema-graph\">{\"@context\":\"https:\/\/schema.org\",\"@graph\":[{\"@type\":\"WebPage\",\"@id\":\"https:\/\/maristasguaynabo.org\/home\/quienes-somos\/junta-de-padres\/\",\"url\":\"https:\/\/maristasguaynabo.org\/home\/quienes-somos\/junta-de-padres\/\",\"name\":\"Junta de Padres - Colegio Marista Guaynabo\",\"isPartOf\":{\"@id\":\"https:\/\/maristasguaynabo.org\/home\/#website\"},\"primaryImageOfPage\":{\"@id\":\"https:\/\/maristasguaynabo.org\/home\/quienes-somos\/junta-de-padres\/#primaryimage\"},\"image\":{\"@id\":\"https:\/\/maristasguaynabo.org\/home\/quienes-somos\/junta-de-padres\/#primaryimage\"},\"thumbnailUrl\":\"https:\/\/maristasguaynabo.org\/home\/wp-content\/uploads\/2021\/08\/section.png\",\"datePublished\":\"2022-08-30T17:25:35+00:00\",\"dateModified\":\"2025-08-07T18:23:55+00:00\",\"breadcrumb\":{\"@id\":\"https:\/\/maristasguaynabo.org\/home\/quienes-somos\/junta-de-padres\/#breadcrumb\"},\"inLanguage\":\"es\",\"potentialAction\":[{\"@type\":\"ReadAction\",\"target\":[\"https:\/\/maristasguaynabo.org\/home\/quienes-somos\/junta-de-padres\/\"]}]},{\"@type\":\"ImageObject\",\"inLanguage\":\"es\",\"@id\":\"https:\/\/maristasguaynabo.org\/home\/quienes-somos\/junta-de-padres\/#primaryimage\",\"url\":\"https:\/\/maristasguaynabo.org\/home\/wp-content\/uploads\/2021\/08\/section.png\",\"contentUrl\":\"https:\/\/maristasguaynabo.org\/home\/wp-content\/uploads\/2021\/08\/section.png\",\"width\":13,\"height\":40},{\"@type\":\"BreadcrumbList\",\"@id\":\"https:\/\/maristasguaynabo.org\/home\/quienes-somos\/junta-de-padres\/#breadcrumb\",\"itemListElement\":[{\"@type\":\"ListItem\",\"position\":1,\"name\":\"Portada\",\"item\":\"https:\/\/maristasguaynabo.org\/home\/\"},{\"@type\":\"ListItem\",\"position\":2,\"name\":\"Qui\u00e9nes somos\",\"item\":\"https:\/\/maristasguaynabo.org\/home\/quienes-somos\/\"},{\"@type\":\"ListItem\",\"position\":3,\"name\":\"Junta de Padres\"}]},{\"@type\":\"WebSite\",\"@id\":\"https:\/\/maristasguaynabo.org\/home\/#website\",\"url\":\"https:\/\/maristasguaynabo.org\/home\/\",\"name\":\"Colegio Marista Guaynabo\",\"description\":\"\",\"publisher\":{\"@id\":\"https:\/\/maristasguaynabo.org\/home\/#organization\"},\"potentialAction\":[{\"@type\":\"SearchAction\",\"target\":{\"@type\":\"EntryPoint\",\"urlTemplate\":\"https:\/\/maristasguaynabo.org\/home\/?s={search_term_string}\"},\"query-input\":{\"@type\":\"PropertyValueSpecification\",\"valueRequired\":true,\"valueName\":\"search_term_string\"}}],\"inLanguage\":\"es\"},{\"@type\":\"Organization\",\"@id\":\"https:\/\/maristasguaynabo.org\/home\/#organization\",\"name\":\"Colegio Marista Guaynabo\",\"url\":\"https:\/\/maristasguaynabo.org\/home\/\",\"logo\":{\"@type\":\"ImageObject\",\"inLanguage\":\"es\",\"@id\":\"https:\/\/maristasguaynabo.org\/home\/#\/schema\/logo\/image\/\",\"url\":\"https:\/\/maristasguaynabo.org\/home\/wp-content\/uploads\/2022\/08\/10_GUAYNABO_final.png\",\"contentUrl\":\"https:\/\/maristasguaynabo.org\/home\/wp-content\/uploads\/2022\/08\/10_GUAYNABO_final.png\",\"width\":924,\"height\":177,\"caption\":\"Colegio Marista Guaynabo\"},\"image\":{\"@id\":\"https:\/\/maristasguaynabo.org\/home\/#\/schema\/logo\/image\/\"}}]}<\/script>\n<!-- \/ Yoast SEO plugin. -->","yoast_head_json":{"title":"Junta de Padres - Colegio Marista Guaynabo","robots":{"index":"index","follow":"follow","max-snippet":"max-snippet:-1","max-image-preview":"max-image-preview:large","max-video-preview":"max-video-preview:-1"},"canonical":"https:\/\/maristasguaynabo.org\/home\/quienes-somos\/junta-de-padres\/","og_locale":"es_ES","og_type":"article","og_title":"Junta de Padres - Colegio Marista Guaynabo","og_description":"Junta de Padres Objetivo y Estatutos Directiva Enlaces de Grado Miembros Honorarios Fondo de Becas Contacto Objetivo y Estatutos Objetivo de la Junta de Padres Impulsar la vivencia de la filosof\u00eda marista (humildad, sencillez, modestia, solidaridad, esp\u00edritu de familia, amor al trabajo). Potenciar los v\u00ednculos de colaboraci\u00f3n entre la Comunidad Marista Promover y apoyar todo [&hellip;]","og_url":"https:\/\/maristasguaynabo.org\/home\/quienes-somos\/junta-de-padres\/","og_site_name":"Colegio Marista Guaynabo","article_modified_time":"2025-08-07T18:23:55+00:00","og_image":[{"width":13,"height":40,"url":"https:\/\/maristasguaynabo.org\/home\/wp-content\/uploads\/2021\/08\/section.png","type":"image\/png"}],"twitter_card":"summary_large_image","twitter_misc":{"Tiempo de lectura":"4 minutos"},"schema":{"@context":"https:\/\/schema.org","@graph":[{"@type":"WebPage","@id":"https:\/\/maristasguaynabo.org\/home\/quienes-somos\/junta-de-padres\/","url":"https:\/\/maristasguaynabo.org\/home\/quienes-somos\/junta-de-padres\/","name":"Junta de Padres - Colegio Marista Guaynabo","isPartOf":{"@id":"https:\/\/maristasguaynabo.org\/home\/#website"},"primaryImageOfPage":{"@id":"https:\/\/maristasguaynabo.org\/home\/quienes-somos\/junta-de-padres\/#primaryimage"},"image":{"@id":"https:\/\/maristasguaynabo.org\/home\/quienes-somos\/junta-de-padres\/#primaryimage"},"thumbnailUrl":"https:\/\/maristasguaynabo.org\/home\/wp-content\/uploads\/2021\/08\/section.png","datePublished":"2022-08-30T17:25:35+00:00","dateModified":"2025-08-07T18:23:55+00:00","breadcrumb":{"@id":"https:\/\/maristasguaynabo.org\/home\/quienes-somos\/junta-de-padres\/#breadcrumb"},"inLanguage":"es","potentialAction":[{"@type":"ReadAction","target":["https:\/\/maristasguaynabo.org\/home\/quienes-somos\/junta-de-padres\/"]}]},{"@type":"ImageObject","inLanguage":"es","@id":"https:\/\/maristasguaynabo.org\/home\/quienes-somos\/junta-de-padres\/#primaryimage","url":"https:\/\/maristasguaynabo.org\/home\/wp-content\/uploads\/2021\/08\/section.png","contentUrl":"https:\/\/maristasguaynabo.org\/home\/wp-content\/uploads\/2021\/08\/section.png","width":13,"height":40},{"@type":"BreadcrumbList","@id":"https:\/\/maristasguaynabo.org\/home\/quienes-somos\/junta-de-padres\/#breadcrumb","itemListElement":[{"@type":"ListItem","position":1,"name":"Portada","item":"https:\/\/maristasguaynabo.org\/home\/"},{"@type":"ListItem","position":2,"name":"Qui\u00e9nes somos","item":"https:\/\/maristasguaynabo.org\/home\/quienes-somos\/"},{"@type":"ListItem","position":3,"name":"Junta de Padres"}]},{"@type":"WebSite","@id":"https:\/\/maristasguaynabo.org\/home\/#website","url":"https:\/\/maristasguaynabo.org\/home\/","name":"Colegio Marista Guaynabo","description":"","publisher":{"@id":"https:\/\/maristasguaynabo.org\/home\/#organization"},"potentialAction":[{"@type":"SearchAction","target":{"@type":"EntryPoint","urlTemplate":"https:\/\/maristasguaynabo.org\/home\/?s={search_term_string}"},"query-input":{"@type":"PropertyValueSpecification","valueRequired":true,"valueName":"search_term_string"}}],"inLanguage":"es"},{"@type":"Organization","@id":"https:\/\/maristasguaynabo.org\/home\/#organization","name":"Colegio Marista Guaynabo","url":"https:\/\/maristasguaynabo.org\/home\/","logo":{"@type":"ImageObject","inLanguage":"es","@id":"https:\/\/maristasguaynabo.org\/home\/#\/schema\/logo\/image\/","url":"https:\/\/maristasguaynabo.org\/home\/wp-content\/uploads\/2022\/08\/10_GUAYNABO_final.png","contentUrl":"https:\/\/maristasguaynabo.org\/home\/wp-content\/uploads\/2022\/08\/10_GUAYNABO_final.png","width":924,"height":177,"caption":"Colegio Marista Guaynabo"},"image":{"@id":"https:\/\/maristasguaynabo.org\/home\/#\/schema\/logo\/image\/"}}]}},"_links":{"self":[{"href":"https:\/\/maristasguaynabo.org\/home\/wp-json\/wp\/v2\/pages\/3331","targetHints":{"allow":["GET"]}}],"collection":[{"href":"https:\/\/maristasguaynabo.org\/home\/wp-json\/wp\/v2\/pages"}],"about":[{"href":"https:\/\/maristasguaynabo.org\/home\/wp-json\/wp\/v2\/types\/page"}],"author":[{"embeddable":true,"href":"https:\/\/maristasguaynabo.org\/home\/wp-json\/wp\/v2\/users\/5"}],"replies":[{"embeddable":true,"href":"https:\/\/maristasguaynabo.org\/home\/wp-json\/wp\/v2\/comments?post=3331"}],"version-history":[{"count":26,"href":"https:\/\/maristasguaynabo.org\/home\/wp-json\/wp\/v2\/pages\/3331\/revisions"}],"predecessor-version":[{"id":5054,"href":"https:\/\/maristasguaynabo.org\/home\/wp-json\/wp\/v2\/pages\/3331\/revisions\/5054"}],"up":[{"embeddable":true,"href":"https:\/\/maristasguaynabo.org\/home\/wp-json\/wp\/v2\/pages\/1788"}],"wp:attachment":[{"href":"https:\/\/maristasguaynabo.org\/home\/wp-json\/wp\/v2\/media?parent=3331"}],"curies":[{"name":"wp","href":"https:\/\/api.w.org\/{rel}","templated":true}]}}