{"id":223,"date":"2021-08-17T11:42:32","date_gmt":"2021-08-17T11:42:32","guid":{"rendered":"https:\/\/maristascondega.org\/guaynabo\/?page_id=223"},"modified":"2022-09-04T10:08:38","modified_gmt":"2022-09-04T16:08:38","slug":"fundador","status":"publish","type":"page","link":"https:\/\/maristasguaynabo.org\/home\/quienes-somos\/fundador\/","title":{"rendered":"Fundador"},"content":{"rendered":"\t\t<div data-elementor-type=\"wp-page\" data-elementor-id=\"223\" class=\"elementor elementor-223\" data-elementor-post-type=\"page\">\n\t\t\t\t\t\t<section class=\"elementor-section elementor-top-section elementor-element elementor-element-de6e01b elementor-section-full_width elementor-section-height-default elementor-section-height-default\" data-id=\"de6e01b\" data-element_type=\"section\" data-e-type=\"section\" data-settings=\"{&quot;background_background&quot;:&quot;classic&quot;}\">\n\t\t\t\t\t\t<div class=\"elementor-container elementor-column-gap-no\">\n\t\t\t\t\t<div class=\"elementor-column elementor-col-100 elementor-top-column elementor-element elementor-element-20aecf7\" data-id=\"20aecf7\" data-element_type=\"column\" data-e-type=\"column\">\n\t\t\t<div class=\"elementor-widget-wrap elementor-element-populated\">\n\t\t\t\t\t\t<section class=\"elementor-section elementor-inner-section elementor-element elementor-element-04b85df elementor-section-boxed elementor-section-height-default elementor-section-height-default elementor-invisible\" data-id=\"04b85df\" data-element_type=\"section\" data-e-type=\"section\" data-settings=\"{&quot;motion_fx_motion_fx_scrolling&quot;:&quot;yes&quot;,&quot;animation&quot;:&quot;slideInRight&quot;,&quot;motion_fx_devices&quot;:[&quot;desktop&quot;,&quot;tablet&quot;,&quot;mobile&quot;]}\">\n\t\t\t\t\t\t<div class=\"elementor-container elementor-column-gap-default\">\n\t\t\t\t\t<div class=\"elementor-column elementor-col-100 elementor-inner-column elementor-element elementor-element-a432ff0\" data-id=\"a432ff0\" data-element_type=\"column\" data-e-type=\"column\">\n\t\t\t<div class=\"elementor-widget-wrap elementor-element-populated\">\n\t\t\t\t\t\t<div class=\"elementor-element elementor-element-e922189 elementor-widget__width-initial elementor-widget-mobile__width-initial elementor-widget elementor-widget-image\" data-id=\"e922189\" data-element_type=\"widget\" data-e-type=\"widget\" data-widget_type=\"image.default\">\n\t\t\t\t<div class=\"elementor-widget-container\">\n\t\t\t\t\t\t\t\t\t\t\t\t\t\t\t<img decoding=\"async\" width=\"13\" height=\"40\" src=\"https:\/\/maristasguaynabo.org\/home\/wp-content\/uploads\/2021\/08\/section.png\" class=\"attachment-full size-full wp-image-86\" alt=\"\" \/>\t\t\t\t\t\t\t\t\t\t\t\t\t\t\t<\/div>\n\t\t\t\t<\/div>\n\t\t\t\t<div class=\"elementor-element elementor-element-b0ad1ff elementor-widget__width-auto elementor-widget elementor-widget-heading\" data-id=\"b0ad1ff\" data-element_type=\"widget\" data-e-type=\"widget\" data-widget_type=\"heading.default\">\n\t\t\t\t<div class=\"elementor-widget-container\">\n\t\t\t\t\t<h2 class=\"elementor-heading-title elementor-size-default\">FUNDADOR<\/h2>\t\t\t\t<\/div>\n\t\t\t\t<\/div>\n\t\t\t\t\t<\/div>\n\t\t<\/div>\n\t\t\t\t\t<\/div>\n\t\t<\/section>\n\t\t\t\t\t<\/div>\n\t\t<\/div>\n\t\t\t\t\t<\/div>\n\t\t<\/section>\n\t\t\t\t<section class=\"elementor-section elementor-top-section elementor-element elementor-element-19c942e elementor-section-full_width elementor-section-height-default elementor-section-height-default\" data-id=\"19c942e\" data-element_type=\"section\" data-e-type=\"section\">\n\t\t\t\t\t\t<div class=\"elementor-container elementor-column-gap-no\">\n\t\t\t\t\t<div class=\"elementor-column elementor-col-100 elementor-top-column elementor-element elementor-element-5158cb7\" data-id=\"5158cb7\" data-element_type=\"column\" data-e-type=\"column\">\n\t\t\t<div class=\"elementor-widget-wrap elementor-element-populated\">\n\t\t\t\t\t\t<div class=\"elementor-element elementor-element-8bc2258 elementor-widget elementor-widget-image\" data-id=\"8bc2258\" data-element_type=\"widget\" data-e-type=\"widget\" data-widget_type=\"image.default\">\n\t\t\t\t<div class=\"elementor-widget-container\">\n\t\t\t\t\t\t\t\t\t\t\t\t\t\t\t<img fetchpriority=\"high\" decoding=\"async\" width=\"1979\" height=\"789\" src=\"https:\/\/maristasguaynabo.org\/home\/wp-content\/uploads\/2022\/08\/Para-educar-a-los-ninos-hay-que-amarlos-y-amarlos-a-todos-por-igual..png\" class=\"attachment-full size-full wp-image-3311\" alt=\"\" srcset=\"https:\/\/maristasguaynabo.org\/home\/wp-content\/uploads\/2022\/08\/Para-educar-a-los-ninos-hay-que-amarlos-y-amarlos-a-todos-por-igual..png 1979w, https:\/\/maristasguaynabo.org\/home\/wp-content\/uploads\/2022\/08\/Para-educar-a-los-ninos-hay-que-amarlos-y-amarlos-a-todos-por-igual.-300x120.png 300w, https:\/\/maristasguaynabo.org\/home\/wp-content\/uploads\/2022\/08\/Para-educar-a-los-ninos-hay-que-amarlos-y-amarlos-a-todos-por-igual.-1024x408.png 1024w, https:\/\/maristasguaynabo.org\/home\/wp-content\/uploads\/2022\/08\/Para-educar-a-los-ninos-hay-que-amarlos-y-amarlos-a-todos-por-igual.-768x306.png 768w, https:\/\/maristasguaynabo.org\/home\/wp-content\/uploads\/2022\/08\/Para-educar-a-los-ninos-hay-que-amarlos-y-amarlos-a-todos-por-igual.-1536x612.png 1536w\" sizes=\"(max-width: 1979px) 100vw, 1979px\" \/>\t\t\t\t\t\t\t\t\t\t\t\t\t\t\t<\/div>\n\t\t\t\t<\/div>\n\t\t\t\t\t<\/div>\n\t\t<\/div>\n\t\t\t\t\t<\/div>\n\t\t<\/section>\n\t\t\t\t<section class=\"elementor-section elementor-top-section elementor-element elementor-element-88fde13 elementor-section-boxed elementor-section-height-default elementor-section-height-default\" data-id=\"88fde13\" data-element_type=\"section\" data-e-type=\"section\">\n\t\t\t\t\t\t<div class=\"elementor-container elementor-column-gap-default\">\n\t\t\t\t\t<div class=\"elementor-column elementor-col-100 elementor-top-column elementor-element elementor-element-0551464\" data-id=\"0551464\" data-element_type=\"column\" data-e-type=\"column\">\n\t\t\t<div class=\"elementor-widget-wrap elementor-element-populated\">\n\t\t\t\t\t\t<div class=\"elementor-element elementor-element-5feccda elementor-tabs-view-horizontal elementor-widget elementor-widget-tabs\" data-id=\"5feccda\" data-element_type=\"widget\" data-e-type=\"widget\" data-widget_type=\"tabs.default\">\n\t\t\t\t<div class=\"elementor-widget-container\">\n\t\t\t\t\t\t\t<div class=\"elementor-tabs\">\n\t\t\t<div class=\"elementor-tabs-wrapper\" role=\"tablist\" >\n\t\t\t\t\t\t\t\t\t<div id=\"elementor-tab-title-1001\" class=\"elementor-tab-title elementor-tab-desktop-title\" aria-selected=\"true\" data-tab=\"1\" role=\"tab\" tabindex=\"0\" aria-controls=\"elementor-tab-content-1001\" aria-expanded=\"false\">Marcelino Champagnat<\/div>\n\t\t\t\t\t\t\t\t\t<div id=\"elementor-tab-title-1002\" class=\"elementor-tab-title elementor-tab-desktop-title\" aria-selected=\"false\" data-tab=\"2\" role=\"tab\" tabindex=\"-1\" aria-controls=\"elementor-tab-content-1002\" aria-expanded=\"false\">Los Hermanos Maristas<\/div>\n\t\t\t\t\t\t\t\t\t<div id=\"elementor-tab-title-1003\" class=\"elementor-tab-title elementor-tab-desktop-title\" aria-selected=\"false\" data-tab=\"3\" role=\"tab\" tabindex=\"-1\" aria-controls=\"elementor-tab-content-1003\" aria-expanded=\"false\">Presencia en Puerto Rico<\/div>\n\t\t\t\t\t\t\t<\/div>\n\t\t\t<div class=\"elementor-tabs-content-wrapper\" role=\"tablist\" aria-orientation=\"vertical\">\n\t\t\t\t\t\t\t\t\t<div class=\"elementor-tab-title elementor-tab-mobile-title\" aria-selected=\"true\" data-tab=\"1\" role=\"tab\" tabindex=\"0\" aria-controls=\"elementor-tab-content-1001\" aria-expanded=\"false\">Marcelino Champagnat<\/div>\n\t\t\t\t\t<div id=\"elementor-tab-content-1001\" class=\"elementor-tab-content elementor-clearfix\" data-tab=\"1\" role=\"tabpanel\" aria-labelledby=\"elementor-tab-title-1001\" tabindex=\"0\" hidden=\"false\"><p>Naci\u00f3 el 20 de mayo de 1789 en Marlhes, Francia. Hijo de una familia cristiana, ten\u00eda una profunda devoci\u00f3n a la Virgen Mar\u00eda, adem\u00e1s del gusto por el trabajo, el sentido de la responsabilidad y la apertura a lo nuevo.<\/p><p>\u00a0A los 14 a\u00f1os, por influencia de un sacerdote que visitaba la regi\u00f3n, Champagnat decidi\u00f3 seguir su vocaci\u00f3n sacerdotal. Fue un per\u00edodo extremadamente dif\u00edcil para \u00e9l pues debido a que ayudaba a su padre en las labores del campo, casi no ten\u00eda estudios primarios.<\/p><p>Marcelino Champagnat fue ordenado sacerdote el 22 de julio de 1816 y ayudante del p\u00e1rroco en un pueblito llamado La Valla. El aislamiento y la pobreza cultural de la regi\u00f3n eran impresionantes, y Marcelino dedic\u00f3 mucho tiempo a visitar los enfermos, dar catequesis a los ni\u00f1os, atender a los pobres y acompa\u00f1ar la vida cristiana de las familias. Pero lo que lanz\u00f3 por fin a Marcelino a iniciar un proyecto mayor fue su encuentro con un joven de 17 a\u00f1os en trance de muerte que no conoc\u00eda de Dios.<\/p><p>Marcelino form\u00f3 la \u201cCongregaci\u00f3n de los Hermanitos de Mar\u00eda\u201d el 2 de enero de 1817, con j\u00f3venes del campo a quienes invit\u00f3 a unirse a su sue\u00f1o. A ellos les ense\u00f1\u00f3 lectura, escritura, aritm\u00e9tica\u2026, y a orar y vivir el Evangelio en lo cotidiano, convirti\u00e9ndolos en educadores religiosos. Al poco tiempo, Champagnat pudo enviarlos a los lugares m\u00e1s apartados de la parroquia para ense\u00f1ar a ni\u00f1os y adultos.<\/p><p>Entre 1817 y 1824, inaugur\u00f3 una escuela primaria en La Valla. En 1825 construy\u00f3 la casa de formaci\u00f3n \u201cNuestra Se\u00f1ora del Hermitage\u201d, que pas\u00f3 a ser centro de capacitaci\u00f3n en pedagog\u00eda y pr\u00e1ctica educativa marista. Champagnat se dedic\u00f3 enteramente a la formaci\u00f3n y acompa\u00f1amiento espiritual, pedag\u00f3gico y apost\u00f3lico de los Hermanos, a visitar las escuelas y a fundar nuevas obras. El \u201cHermitage\u201d fue el centro de esa red de escuelas primarias.<\/p><p>Cuando muri\u00f3, el 6 de junio de 1840, su \u201cFamilia Marista\u201d ya contaba con 290 Hermanos, trabajando en 48 escuelas primarias. Actualmente esta misi\u00f3n es desarrollada por Hermanos y laicos maristas en 80 pa\u00edses de \u00c1frica, Am\u00e9rica, Asia, Europa y Ocean\u00eda.<\/p><\/div>\n\t\t\t\t\t\t\t\t\t<div class=\"elementor-tab-title elementor-tab-mobile-title\" aria-selected=\"false\" data-tab=\"2\" role=\"tab\" tabindex=\"-1\" aria-controls=\"elementor-tab-content-1002\" aria-expanded=\"false\">Los Hermanos Maristas<\/div>\n\t\t\t\t\t<div id=\"elementor-tab-content-1002\" class=\"elementor-tab-content elementor-clearfix\" data-tab=\"2\" role=\"tabpanel\" aria-labelledby=\"elementor-tab-title-1002\" tabindex=\"0\" hidden=\"hidden\"><h2>Los hermanos Maristas de Champagnat\u00a0<\/h2><p>\u00a0<\/p><p>Una instituci\u00f3n religiosa laica de la iglesia cat\u00f3lica que tiene como misi\u00f3n la evangelizaci\u00f3n, \u201cdando a conocer a Jesucristo y haci\u00e9ndolo amar\u201d, a trav\u00e9s de la educaci\u00f3n cristiana de la ni\u00f1ez y juventud, especialmente los m\u00e1s pobres. Fueron fundados por San Marcelino Champagnat, sacerdote franc\u00e9s, en el pueblo de La Valla, Lyon (Francia), el 2 de enero de 1817.<\/p><p>Desde el inicio, el fundador quiso darle al grupo el nombre de \u201chermanos\u201d para indicar que la fraternidad y la igualdad ser\u00edan el distintivo en sus relaciones y forma de trabajar; y \u201cmaristas\u201d porque Mar\u00eda, la madre de Jes\u00fas, ser\u00eda su inspiraci\u00f3n en el camino espiritual, centrado como ella la vida en Jesucristo e imitando de ella las virtudes de humildad, sencillez, modestia, ternura y laboriosidad. El lema con que se identifica a los maristas es \u201ctodo a Jes\u00fas por Mar\u00eda, todo a Mar\u00eda para Jes\u00fas\u201d. La pedagog\u00eda de la presencia y el esp\u00edritu de familia son rasgos propios de su estilo educativo. \u201cPara educar a un ni\u00f1o es necesario amarlo\u201d, repet\u00eda frecuentemente San Marcelino.<\/p><p>\u00a0<\/p><p>En la actualidad los Hermanos Maristas se encuentran presentes en m\u00e1s de 80 pa\u00edses, realizando su misi\u00f3n evangelizadora en instituciones educativas como escuelas elementales y superiores, centros de formaci\u00f3n vocacional, universidades, centros de espiritualidad y pastoral juvenil, adem\u00e1s de colaborar con la iglesia local en parroquias, siendo catequistas y asesores de grupos juveniles.<\/p><p>\u00a0<\/p><p>En 1964 los Hermanos Maristas llegaron a Puerto Rico y fundaron el Colegio Marista de Guaynabo, gracias a la gesti\u00f3n del Hno. David Mediavilla, otros Hermanos y un grupo de familias identificadas con la misi\u00f3n de esta comunidad religiosa. En agosto de 1967 los Hermanos Maristas fundaron en Manat\u00ed un colegio de similares caracter\u00edsticas a las de Guaynabo.<\/p><p>\u00a0<\/p><p>El sue\u00f1o de Marcelino Champagnat, iniciado en La Valla hace casi 200 a\u00f1os, contin\u00faa hoy haci\u00e9ndose realidad entre nosotros. Que el Se\u00f1or y Mar\u00eda, Nuestra Buena Madre, bendigan a toda la familia Marista y nos ayuden a continuar nuestra labor evangelizadora al servicio de los ni\u00f1os y j\u00f3venes.<\/p><p>\u00a0<\/p><\/div>\n\t\t\t\t\t\t\t\t\t<div class=\"elementor-tab-title elementor-tab-mobile-title\" aria-selected=\"false\" data-tab=\"3\" role=\"tab\" tabindex=\"-1\" aria-controls=\"elementor-tab-content-1003\" aria-expanded=\"false\">Presencia en Puerto Rico<\/div>\n\t\t\t\t\t<div id=\"elementor-tab-content-1003\" class=\"elementor-tab-content elementor-clearfix\" data-tab=\"3\" role=\"tabpanel\" aria-labelledby=\"elementor-tab-title-1003\" tabindex=\"0\" hidden=\"hidden\"><p><img decoding=\"async\" class=\"wp-image-3314 size-medium alignleft\" src=\"https:\/\/maristasguaynabo.org\/home\/wp-content\/uploads\/2022\/08\/Puerto-Rico-1-300x205.png\" alt=\"\" width=\"300\" height=\"205\" srcset=\"https:\/\/maristasguaynabo.org\/home\/wp-content\/uploads\/2022\/08\/Puerto-Rico-1-300x205.png 300w, https:\/\/maristasguaynabo.org\/home\/wp-content\/uploads\/2022\/08\/Puerto-Rico-1-768x524.png 768w, https:\/\/maristasguaynabo.org\/home\/wp-content\/uploads\/2022\/08\/Puerto-Rico-1-474x324.png 474w, https:\/\/maristasguaynabo.org\/home\/wp-content\/uploads\/2022\/08\/Puerto-Rico-1.png 789w\" sizes=\"(max-width: 300px) 100vw, 300px\" \/><\/p><p>Desde el 1964 hasta el presente contamos con la presencia de los hermanos maristas en Puerto Rico.\u00a0 En la actualidad, la casa de la comunidad de hermanos est\u00e1 localizada en las facilidades del Colegio Marista de Guaynabo. La comunidad se compone de: Hno. Manuel Matilla, Administrador Provincial, Hno. Edgardo L\u00f3pez, Presidente Colegio Marista Manat\u00ed (CMM), Hno. Carlos R. V\u00e9lez, Presidente Colegio Marista Guaynabo (CMG), Hno. Luis E. Guardado, Coordinador Pastoral Juvenil y Vocacional Marista PR, y profesor CMM y los hermanos\u00a0 Fernando Rodr\u00edguez, Felipe Vegas y Francisco G\u00fcezmes, colaboraciones varias.\u00a0<\/p><h5>\u00a0<\/h5><h5 style=\"text-align: center;\"><span lang=\"ES-PR\">Foto: De izquierda a derecha, sentados: H. Francisco G\u00fc\u00e9zmez, H. Luis Guardado, H. Felipe Vega.<br \/><\/span><span lang=\"ES-PR\">En la segunda fila, de pie, H. Manuel Matilla, H. Edgardo L\u00f3pez, H. Fernando Rodr\u00edguez, H. Carlos V\u00e9lez.<\/span><\/h5><\/div>\n\t\t\t\t\t\t\t<\/div>\n\t\t<\/div>\n\t\t\t\t\t\t<\/div>\n\t\t\t\t<\/div>\n\t\t\t\t\t<\/div>\n\t\t<\/div>\n\t\t\t\t\t<\/div>\n\t\t<\/section>\n\t\t\t\t<\/div>\n\t\t","protected":false},"excerpt":{"rendered":"<p>FUNDADOR Marcelino Champagnat Los Hermanos Maristas Presencia en Puerto Rico Marcelino Champagnat Naci\u00f3 el 20 de mayo de 1789 en Marlhes, Francia. Hijo de una familia cristiana, ten\u00eda una profunda devoci\u00f3n a la Virgen Mar\u00eda, adem\u00e1s del gusto por el trabajo, el sentido de la responsabilidad y la apertura a lo nuevo. \u00a0A los 14 [&hellip;]<\/p>\n","protected":false},"author":4,"featured_media":0,"parent":1788,"menu_order":3,"comment_status":"closed","ping_status":"closed","template":"","meta":{"_monsterinsights_skip_tracking":false,"_monsterinsights_sitenote_active":false,"_monsterinsights_sitenote_note":"","_monsterinsights_sitenote_category":0,"footnotes":""},"class_list":["post-223","page","type-page","status-publish","hentry"],"yoast_head":"<!-- This site is optimized with the Yoast SEO plugin v27.2 - https:\/\/yoast.com\/product\/yoast-seo-wordpress\/ -->\n<title>Fundador - Colegio Marista Guaynabo<\/title>\n<meta name=\"robots\" content=\"index, follow, max-snippet:-1, max-image-preview:large, max-video-preview:-1\" \/>\n<link rel=\"canonical\" href=\"https:\/\/maristasguaynabo.org\/home\/quienes-somos\/fundador\/\" \/>\n<meta property=\"og:locale\" content=\"es_ES\" \/>\n<meta property=\"og:type\" content=\"article\" \/>\n<meta property=\"og:title\" content=\"Fundador - Colegio Marista Guaynabo\" \/>\n<meta property=\"og:description\" content=\"FUNDADOR Marcelino Champagnat Los Hermanos Maristas Presencia en Puerto Rico Marcelino Champagnat Naci\u00f3 el 20 de mayo de 1789 en Marlhes, Francia. Hijo de una familia cristiana, ten\u00eda una profunda devoci\u00f3n a la Virgen Mar\u00eda, adem\u00e1s del gusto por el trabajo, el sentido de la responsabilidad y la apertura a lo nuevo. \u00a0A los 14 [&hellip;]\" \/>\n<meta property=\"og:url\" content=\"https:\/\/maristasguaynabo.org\/home\/quienes-somos\/fundador\/\" \/>\n<meta property=\"og:site_name\" content=\"Colegio Marista Guaynabo\" \/>\n<meta property=\"article:modified_time\" content=\"2022-09-04T16:08:38+00:00\" \/>\n<meta property=\"og:image\" content=\"https:\/\/maristasguaynabo.org\/home\/wp-content\/uploads\/2021\/08\/section.png\" \/>\n<meta name=\"twitter:card\" content=\"summary_large_image\" \/>\n<meta name=\"twitter:label1\" content=\"Tiempo de lectura\" \/>\n\t<meta name=\"twitter:data1\" content=\"4 minutos\" \/>\n<script type=\"application\/ld+json\" class=\"yoast-schema-graph\">{\"@context\":\"https:\/\/schema.org\",\"@graph\":[{\"@type\":\"WebPage\",\"@id\":\"https:\/\/maristasguaynabo.org\/home\/quienes-somos\/fundador\/\",\"url\":\"https:\/\/maristasguaynabo.org\/home\/quienes-somos\/fundador\/\",\"name\":\"Fundador - Colegio Marista Guaynabo\",\"isPartOf\":{\"@id\":\"https:\/\/maristasguaynabo.org\/home\/#website\"},\"primaryImageOfPage\":{\"@id\":\"https:\/\/maristasguaynabo.org\/home\/quienes-somos\/fundador\/#primaryimage\"},\"image\":{\"@id\":\"https:\/\/maristasguaynabo.org\/home\/quienes-somos\/fundador\/#primaryimage\"},\"thumbnailUrl\":\"https:\/\/maristasguaynabo.org\/home\/wp-content\/uploads\/2021\/08\/section.png\",\"datePublished\":\"2021-08-17T11:42:32+00:00\",\"dateModified\":\"2022-09-04T16:08:38+00:00\",\"breadcrumb\":{\"@id\":\"https:\/\/maristasguaynabo.org\/home\/quienes-somos\/fundador\/#breadcrumb\"},\"inLanguage\":\"es\",\"potentialAction\":[{\"@type\":\"ReadAction\",\"target\":[\"https:\/\/maristasguaynabo.org\/home\/quienes-somos\/fundador\/\"]}]},{\"@type\":\"ImageObject\",\"inLanguage\":\"es\",\"@id\":\"https:\/\/maristasguaynabo.org\/home\/quienes-somos\/fundador\/#primaryimage\",\"url\":\"https:\/\/maristasguaynabo.org\/home\/wp-content\/uploads\/2021\/08\/section.png\",\"contentUrl\":\"https:\/\/maristasguaynabo.org\/home\/wp-content\/uploads\/2021\/08\/section.png\",\"width\":13,\"height\":40},{\"@type\":\"BreadcrumbList\",\"@id\":\"https:\/\/maristasguaynabo.org\/home\/quienes-somos\/fundador\/#breadcrumb\",\"itemListElement\":[{\"@type\":\"ListItem\",\"position\":1,\"name\":\"Portada\",\"item\":\"https:\/\/maristasguaynabo.org\/home\/\"},{\"@type\":\"ListItem\",\"position\":2,\"name\":\"Qui\u00e9nes somos\",\"item\":\"https:\/\/maristasguaynabo.org\/home\/quienes-somos\/\"},{\"@type\":\"ListItem\",\"position\":3,\"name\":\"Fundador\"}]},{\"@type\":\"WebSite\",\"@id\":\"https:\/\/maristasguaynabo.org\/home\/#website\",\"url\":\"https:\/\/maristasguaynabo.org\/home\/\",\"name\":\"Colegio Marista Guaynabo\",\"description\":\"\",\"publisher\":{\"@id\":\"https:\/\/maristasguaynabo.org\/home\/#organization\"},\"potentialAction\":[{\"@type\":\"SearchAction\",\"target\":{\"@type\":\"EntryPoint\",\"urlTemplate\":\"https:\/\/maristasguaynabo.org\/home\/?s={search_term_string}\"},\"query-input\":{\"@type\":\"PropertyValueSpecification\",\"valueRequired\":true,\"valueName\":\"search_term_string\"}}],\"inLanguage\":\"es\"},{\"@type\":\"Organization\",\"@id\":\"https:\/\/maristasguaynabo.org\/home\/#organization\",\"name\":\"Colegio Marista Guaynabo\",\"url\":\"https:\/\/maristasguaynabo.org\/home\/\",\"logo\":{\"@type\":\"ImageObject\",\"inLanguage\":\"es\",\"@id\":\"https:\/\/maristasguaynabo.org\/home\/#\/schema\/logo\/image\/\",\"url\":\"https:\/\/maristasguaynabo.org\/home\/wp-content\/uploads\/2022\/08\/10_GUAYNABO_final.png\",\"contentUrl\":\"https:\/\/maristasguaynabo.org\/home\/wp-content\/uploads\/2022\/08\/10_GUAYNABO_final.png\",\"width\":924,\"height\":177,\"caption\":\"Colegio Marista Guaynabo\"},\"image\":{\"@id\":\"https:\/\/maristasguaynabo.org\/home\/#\/schema\/logo\/image\/\"}}]}<\/script>\n<!-- \/ Yoast SEO plugin. -->","yoast_head_json":{"title":"Fundador - Colegio Marista Guaynabo","robots":{"index":"index","follow":"follow","max-snippet":"max-snippet:-1","max-image-preview":"max-image-preview:large","max-video-preview":"max-video-preview:-1"},"canonical":"https:\/\/maristasguaynabo.org\/home\/quienes-somos\/fundador\/","og_locale":"es_ES","og_type":"article","og_title":"Fundador - Colegio Marista Guaynabo","og_description":"FUNDADOR Marcelino Champagnat Los Hermanos Maristas Presencia en Puerto Rico Marcelino Champagnat Naci\u00f3 el 20 de mayo de 1789 en Marlhes, Francia. Hijo de una familia cristiana, ten\u00eda una profunda devoci\u00f3n a la Virgen Mar\u00eda, adem\u00e1s del gusto por el trabajo, el sentido de la responsabilidad y la apertura a lo nuevo. \u00a0A los 14 [&hellip;]","og_url":"https:\/\/maristasguaynabo.org\/home\/quienes-somos\/fundador\/","og_site_name":"Colegio Marista Guaynabo","article_modified_time":"2022-09-04T16:08:38+00:00","og_image":[{"url":"https:\/\/maristasguaynabo.org\/home\/wp-content\/uploads\/2021\/08\/section.png","type":"","width":"","height":""}],"twitter_card":"summary_large_image","twitter_misc":{"Tiempo de lectura":"4 minutos"},"schema":{"@context":"https:\/\/schema.org","@graph":[{"@type":"WebPage","@id":"https:\/\/maristasguaynabo.org\/home\/quienes-somos\/fundador\/","url":"https:\/\/maristasguaynabo.org\/home\/quienes-somos\/fundador\/","name":"Fundador - Colegio Marista Guaynabo","isPartOf":{"@id":"https:\/\/maristasguaynabo.org\/home\/#website"},"primaryImageOfPage":{"@id":"https:\/\/maristasguaynabo.org\/home\/quienes-somos\/fundador\/#primaryimage"},"image":{"@id":"https:\/\/maristasguaynabo.org\/home\/quienes-somos\/fundador\/#primaryimage"},"thumbnailUrl":"https:\/\/maristasguaynabo.org\/home\/wp-content\/uploads\/2021\/08\/section.png","datePublished":"2021-08-17T11:42:32+00:00","dateModified":"2022-09-04T16:08:38+00:00","breadcrumb":{"@id":"https:\/\/maristasguaynabo.org\/home\/quienes-somos\/fundador\/#breadcrumb"},"inLanguage":"es","potentialAction":[{"@type":"ReadAction","target":["https:\/\/maristasguaynabo.org\/home\/quienes-somos\/fundador\/"]}]},{"@type":"ImageObject","inLanguage":"es","@id":"https:\/\/maristasguaynabo.org\/home\/quienes-somos\/fundador\/#primaryimage","url":"https:\/\/maristasguaynabo.org\/home\/wp-content\/uploads\/2021\/08\/section.png","contentUrl":"https:\/\/maristasguaynabo.org\/home\/wp-content\/uploads\/2021\/08\/section.png","width":13,"height":40},{"@type":"BreadcrumbList","@id":"https:\/\/maristasguaynabo.org\/home\/quienes-somos\/fundador\/#breadcrumb","itemListElement":[{"@type":"ListItem","position":1,"name":"Portada","item":"https:\/\/maristasguaynabo.org\/home\/"},{"@type":"ListItem","position":2,"name":"Qui\u00e9nes somos","item":"https:\/\/maristasguaynabo.org\/home\/quienes-somos\/"},{"@type":"ListItem","position":3,"name":"Fundador"}]},{"@type":"WebSite","@id":"https:\/\/maristasguaynabo.org\/home\/#website","url":"https:\/\/maristasguaynabo.org\/home\/","name":"Colegio Marista Guaynabo","description":"","publisher":{"@id":"https:\/\/maristasguaynabo.org\/home\/#organization"},"potentialAction":[{"@type":"SearchAction","target":{"@type":"EntryPoint","urlTemplate":"https:\/\/maristasguaynabo.org\/home\/?s={search_term_string}"},"query-input":{"@type":"PropertyValueSpecification","valueRequired":true,"valueName":"search_term_string"}}],"inLanguage":"es"},{"@type":"Organization","@id":"https:\/\/maristasguaynabo.org\/home\/#organization","name":"Colegio Marista Guaynabo","url":"https:\/\/maristasguaynabo.org\/home\/","logo":{"@type":"ImageObject","inLanguage":"es","@id":"https:\/\/maristasguaynabo.org\/home\/#\/schema\/logo\/image\/","url":"https:\/\/maristasguaynabo.org\/home\/wp-content\/uploads\/2022\/08\/10_GUAYNABO_final.png","contentUrl":"https:\/\/maristasguaynabo.org\/home\/wp-content\/uploads\/2022\/08\/10_GUAYNABO_final.png","width":924,"height":177,"caption":"Colegio Marista Guaynabo"},"image":{"@id":"https:\/\/maristasguaynabo.org\/home\/#\/schema\/logo\/image\/"}}]}},"_links":{"self":[{"href":"https:\/\/maristasguaynabo.org\/home\/wp-json\/wp\/v2\/pages\/223","targetHints":{"allow":["GET"]}}],"collection":[{"href":"https:\/\/maristasguaynabo.org\/home\/wp-json\/wp\/v2\/pages"}],"about":[{"href":"https:\/\/maristasguaynabo.org\/home\/wp-json\/wp\/v2\/types\/page"}],"author":[{"embeddable":true,"href":"https:\/\/maristasguaynabo.org\/home\/wp-json\/wp\/v2\/users\/4"}],"replies":[{"embeddable":true,"href":"https:\/\/maristasguaynabo.org\/home\/wp-json\/wp\/v2\/comments?post=223"}],"version-history":[{"count":39,"href":"https:\/\/maristasguaynabo.org\/home\/wp-json\/wp\/v2\/pages\/223\/revisions"}],"predecessor-version":[{"id":3457,"href":"https:\/\/maristasguaynabo.org\/home\/wp-json\/wp\/v2\/pages\/223\/revisions\/3457"}],"up":[{"embeddable":true,"href":"https:\/\/maristasguaynabo.org\/home\/wp-json\/wp\/v2\/pages\/1788"}],"wp:attachment":[{"href":"https:\/\/maristasguaynabo.org\/home\/wp-json\/wp\/v2\/media?parent=223"}],"curies":[{"name":"wp","href":"https:\/\/api.w.org\/{rel}","templated":true}]}}