{"id":1841,"date":"2022-03-07T07:45:51","date_gmt":"2022-03-07T13:45:51","guid":{"rendered":"https:\/\/maristascondega.org\/guaynabo\/?page_id=1841"},"modified":"2022-09-05T13:02:39","modified_gmt":"2022-09-05T19:02:39","slug":"escuela-elemental","status":"publish","type":"page","link":"https:\/\/maristasguaynabo.org\/home\/oferta-academica\/propuesta-curricular\/escuela-elemental\/","title":{"rendered":"Escuela Elemental"},"content":{"rendered":"\t\t<div data-elementor-type=\"wp-page\" data-elementor-id=\"1841\" class=\"elementor elementor-1841\" data-elementor-post-type=\"page\">\n\t\t\t\t\t\t<section class=\"elementor-section elementor-top-section elementor-element elementor-element-de6e01b elementor-section-full_width elementor-section-height-default elementor-section-height-default\" data-id=\"de6e01b\" data-element_type=\"section\" data-e-type=\"section\" data-settings=\"{&quot;background_background&quot;:&quot;classic&quot;}\">\n\t\t\t\t\t\t<div class=\"elementor-container elementor-column-gap-no\">\n\t\t\t\t\t<div class=\"elementor-column elementor-col-100 elementor-top-column elementor-element elementor-element-20aecf7\" data-id=\"20aecf7\" data-element_type=\"column\" data-e-type=\"column\">\n\t\t\t<div class=\"elementor-widget-wrap elementor-element-populated\">\n\t\t\t\t\t\t<section class=\"elementor-section elementor-inner-section elementor-element elementor-element-04b85df elementor-section-boxed elementor-section-height-default elementor-section-height-default elementor-invisible\" data-id=\"04b85df\" data-element_type=\"section\" data-e-type=\"section\" data-settings=\"{&quot;motion_fx_motion_fx_scrolling&quot;:&quot;yes&quot;,&quot;animation&quot;:&quot;slideInRight&quot;,&quot;motion_fx_devices&quot;:[&quot;desktop&quot;,&quot;tablet&quot;,&quot;mobile&quot;]}\">\n\t\t\t\t\t\t<div class=\"elementor-container elementor-column-gap-default\">\n\t\t\t\t\t<div class=\"elementor-column elementor-col-100 elementor-inner-column elementor-element elementor-element-a432ff0\" data-id=\"a432ff0\" data-element_type=\"column\" data-e-type=\"column\">\n\t\t\t<div class=\"elementor-widget-wrap elementor-element-populated\">\n\t\t\t\t\t\t<div class=\"elementor-element elementor-element-e922189 elementor-widget__width-initial elementor-widget-mobile__width-initial elementor-widget elementor-widget-image\" data-id=\"e922189\" data-element_type=\"widget\" data-e-type=\"widget\" data-widget_type=\"image.default\">\n\t\t\t\t<div class=\"elementor-widget-container\">\n\t\t\t\t\t\t\t\t\t\t\t\t\t\t\t<img decoding=\"async\" width=\"13\" height=\"40\" src=\"https:\/\/maristasguaynabo.org\/home\/wp-content\/uploads\/2021\/08\/section.png\" class=\"attachment-full size-full wp-image-86\" alt=\"\" \/>\t\t\t\t\t\t\t\t\t\t\t\t\t\t\t<\/div>\n\t\t\t\t<\/div>\n\t\t\t\t<div class=\"elementor-element elementor-element-b0ad1ff elementor-widget__width-auto elementor-widget elementor-widget-heading\" data-id=\"b0ad1ff\" data-element_type=\"widget\" data-e-type=\"widget\" data-widget_type=\"heading.default\">\n\t\t\t\t<div class=\"elementor-widget-container\">\n\t\t\t\t\t<h2 class=\"elementor-heading-title elementor-size-default\">ESCUELA ELEMENTAL<\/h2>\t\t\t\t<\/div>\n\t\t\t\t<\/div>\n\t\t\t\t\t<\/div>\n\t\t<\/div>\n\t\t\t\t\t<\/div>\n\t\t<\/section>\n\t\t\t\t\t<\/div>\n\t\t<\/div>\n\t\t\t\t\t<\/div>\n\t\t<\/section>\n\t\t\t\t<section class=\"elementor-section elementor-top-section elementor-element elementor-element-19c942e elementor-section-full_width elementor-section-height-default elementor-section-height-default\" data-id=\"19c942e\" data-element_type=\"section\" data-e-type=\"section\">\n\t\t\t\t\t\t<div class=\"elementor-container elementor-column-gap-no\">\n\t\t\t\t\t<div class=\"elementor-column elementor-col-100 elementor-top-column elementor-element elementor-element-5158cb7\" data-id=\"5158cb7\" data-element_type=\"column\" data-e-type=\"column\">\n\t\t\t<div class=\"elementor-widget-wrap elementor-element-populated\">\n\t\t\t\t\t\t<div class=\"elementor-element elementor-element-8bc2258 elementor-widget elementor-widget-image\" data-id=\"8bc2258\" data-element_type=\"widget\" data-e-type=\"widget\" data-widget_type=\"image.default\">\n\t\t\t\t<div class=\"elementor-widget-container\">\n\t\t\t\t\t\t\t\t\t\t\t\t\t\t\t<img fetchpriority=\"high\" decoding=\"async\" width=\"1979\" height=\"789\" src=\"https:\/\/maristasguaynabo.org\/home\/wp-content\/uploads\/2022\/09\/Para-educar-a-los-ninos-hay-que-amarlos-y-amarlos-a-todos-por-igual.-6.png\" class=\"attachment-full size-full wp-image-3379\" alt=\"\" srcset=\"https:\/\/maristasguaynabo.org\/home\/wp-content\/uploads\/2022\/09\/Para-educar-a-los-ninos-hay-que-amarlos-y-amarlos-a-todos-por-igual.-6.png 1979w, https:\/\/maristasguaynabo.org\/home\/wp-content\/uploads\/2022\/09\/Para-educar-a-los-ninos-hay-que-amarlos-y-amarlos-a-todos-por-igual.-6-300x120.png 300w, https:\/\/maristasguaynabo.org\/home\/wp-content\/uploads\/2022\/09\/Para-educar-a-los-ninos-hay-que-amarlos-y-amarlos-a-todos-por-igual.-6-1024x408.png 1024w, https:\/\/maristasguaynabo.org\/home\/wp-content\/uploads\/2022\/09\/Para-educar-a-los-ninos-hay-que-amarlos-y-amarlos-a-todos-por-igual.-6-768x306.png 768w, https:\/\/maristasguaynabo.org\/home\/wp-content\/uploads\/2022\/09\/Para-educar-a-los-ninos-hay-que-amarlos-y-amarlos-a-todos-por-igual.-6-1536x612.png 1536w\" sizes=\"(max-width: 1979px) 100vw, 1979px\" \/>\t\t\t\t\t\t\t\t\t\t\t\t\t\t\t<\/div>\n\t\t\t\t<\/div>\n\t\t\t\t\t<\/div>\n\t\t<\/div>\n\t\t\t\t\t<\/div>\n\t\t<\/section>\n\t\t\t\t<section class=\"elementor-section elementor-top-section elementor-element elementor-element-2c0141d elementor-section-boxed elementor-section-height-default elementor-section-height-default\" data-id=\"2c0141d\" data-element_type=\"section\" data-e-type=\"section\">\n\t\t\t\t\t\t<div class=\"elementor-container elementor-column-gap-default\">\n\t\t\t\t\t<div class=\"elementor-column elementor-col-100 elementor-top-column elementor-element elementor-element-d6b50f8\" data-id=\"d6b50f8\" data-element_type=\"column\" data-e-type=\"column\">\n\t\t\t<div class=\"elementor-widget-wrap elementor-element-populated\">\n\t\t\t\t\t\t<div class=\"elementor-element elementor-element-848084f elementor-widget elementor-widget-text-editor\" data-id=\"848084f\" data-element_type=\"widget\" data-e-type=\"widget\" data-widget_type=\"text-editor.default\">\n\t\t\t\t<div class=\"elementor-widget-container\">\n\t\t\t\t\t\t\t\t\t<p>En la Escuela Elemental, promovemos una educaci\u00f3n integral, caracterizada por la pedagog\u00eda de la presencia y teniendo en consideraci\u00f3n las caracter\u00edsticas propias de los ni\u00f1os en esta etapa, tanto en el \u00e1rea social, emocional como evolutiva, mediante un curr\u00edculo humanista y constructivista. En este proceso, los ni\u00f1os son los art\u00edfices de sus aprendizajes y los maestros son meros facilitadores.<\/p><p>Somos una comunidad educativa, donde los padres y maestros caminamos juntos con el fin de desarrollar en nuestros ni\u00f1os las destrezas necesarias que los conduzcan a ser exitosos y felices en su vida, guiados por los valores Maristas de sencillez, humildad y modestia<\/p>\t\t\t\t\t\t\t\t<\/div>\n\t\t\t\t<\/div>\n\t\t\t\t\t<\/div>\n\t\t<\/div>\n\t\t\t\t\t<\/div>\n\t\t<\/section>\n\t\t\t\t<section class=\"elementor-section elementor-top-section elementor-element elementor-element-cd4dc98 elementor-section-boxed elementor-section-height-default elementor-section-height-default\" data-id=\"cd4dc98\" data-element_type=\"section\" data-e-type=\"section\">\n\t\t\t\t\t\t<div class=\"elementor-container elementor-column-gap-default\">\n\t\t\t\t\t<div class=\"elementor-column elementor-col-100 elementor-top-column elementor-element elementor-element-753c14d\" data-id=\"753c14d\" data-element_type=\"column\" data-e-type=\"column\">\n\t\t\t<div class=\"elementor-widget-wrap elementor-element-populated\">\n\t\t\t\t\t\t<div class=\"elementor-element elementor-element-7bf7e47 elementor-tabs-view-horizontal elementor-widget elementor-widget-tabs\" data-id=\"7bf7e47\" data-element_type=\"widget\" data-e-type=\"widget\" data-widget_type=\"tabs.default\">\n\t\t\t\t<div class=\"elementor-widget-container\">\n\t\t\t\t\t\t\t<div class=\"elementor-tabs\">\n\t\t\t<div class=\"elementor-tabs-wrapper\" role=\"tablist\" >\n\t\t\t\t\t\t\t\t\t<div id=\"elementor-tab-title-1291\" class=\"elementor-tab-title elementor-tab-desktop-title\" aria-selected=\"true\" data-tab=\"1\" role=\"tab\" tabindex=\"0\" aria-controls=\"elementor-tab-content-1291\" aria-expanded=\"false\">Curr\u00edculo<\/div>\n\t\t\t\t\t\t\t\t\t<div id=\"elementor-tab-title-1292\" class=\"elementor-tab-title elementor-tab-desktop-title\" aria-selected=\"false\" data-tab=\"2\" role=\"tab\" tabindex=\"-1\" aria-controls=\"elementor-tab-content-1292\" aria-expanded=\"false\">Horario<\/div>\n\t\t\t\t\t\t\t<\/div>\n\t\t\t<div class=\"elementor-tabs-content-wrapper\" role=\"tablist\" aria-orientation=\"vertical\">\n\t\t\t\t\t\t\t\t\t<div class=\"elementor-tab-title elementor-tab-mobile-title\" aria-selected=\"true\" data-tab=\"1\" role=\"tab\" tabindex=\"0\" aria-controls=\"elementor-tab-content-1291\" aria-expanded=\"false\">Curr\u00edculo<\/div>\n\t\t\t\t\t<div id=\"elementor-tab-content-1291\" class=\"elementor-tab-content elementor-clearfix\" data-tab=\"1\" role=\"tabpanel\" aria-labelledby=\"elementor-tab-title-1291\" tabindex=\"0\" hidden=\"false\"><p>La Escuela Elemental en el Colegio comienza desde Primer Grado hasta Cuarto Grado.<\/p><p>Al t\u00e9rmino de Cuarto Grado, el estudiante habr\u00e1 adquirido las destrezas esperadas para el grado y asignatura, establecidas en el curr\u00edculo base del Colegio y completado los cr\u00e9ditos que se enumeran a continuaci\u00f3n:<\/p><p>Espa\u00f1ol:\u00a0 \u00a0 \u00a0 \u00a0 \u00a0 \u00a0 \u00a0 \u00a06 cr\u00e9ditos<\/p><p>Matem\u00e1tica:\u00a0 \u00a0 \u00a0 \u00a0 6 cr\u00e9ditos<\/p><p>Ingl\u00e9s:\u00a0 \u00a0 \u00a0 \u00a0 \u00a0 \u00a0 \u00a0 \u00a0 \u00a0 \u00a06 cr\u00e9ditos<\/p><p>Sociales:\u00a0 \u00a0 \u00a0 \u00a0 \u00a0 \u00a0 \u00a0 \u00a04 cr\u00e9ditos<\/p><p>Ciencias:\u00a0 \u00a0 \u00a0 \u00a0 \u00a0 \u00a0 \u00a0 \u00a04 cr\u00e9ditos<\/p><p>Religi\u00f3n:\u00a0 \u00a0 \u00a0 \u00a0 \u00a0 \u00a0 \u00a0 \u00a0 4 cr\u00e9ditos<\/p><p>Ed. F\u00edsica:\u00a0 \u00a0 \u00a0 \u00a0 \u00a0 \u00a0 \u00a0 1 cr\u00e9dito<\/p><p>M\u00fasica:\u00a0 \u00a0 \u00a0 \u00a0 \u00a0 \u00a0 \u00a0 \u00a0 \u00a0 1 cr\u00e9dito<\/p><p>Computaci\u00f3n:\u00a0 \u00a0 \u00a0 \u00a01 cr\u00e9dito<\/p><p>Salud:\u00a0 \u00a0 \u00a0 \u00a0 \u00a0 \u00a0 \u00a0 \u00a0 \u00a0 \u00a0 \u00a01 cr\u00e9dito<\/p><p>Arte:\u00a0 \u00a0 \u00a0 \u00a0 \u00a0 \u00a0 \u00a0 \u00a0 \u00a0 \u00a0 \u00a0 \u00a0 1 cr\u00e9dito<\/p><p>Teatro:\u00a0 \u00a0 \u00a0 \u00a0 \u00a0 \u00a0 \u00a0 \u00a0 \u00a0 \u00a0 1 cr\u00e9dito<\/p><p>Danza:\u00a0 \u00a0 \u00a0 \u00a0 \u00a0 \u00a0 \u00a0 \u00a0 \u00a0 \u00a0 \u00a01 cr\u00e9dito<\/p><p>Total de Cr\u00e9ditos: 37\u00a0 cr\u00e9ditos\u00a0<\/p><p>\u00a0<\/p><\/div>\n\t\t\t\t\t\t\t\t\t<div class=\"elementor-tab-title elementor-tab-mobile-title\" aria-selected=\"false\" data-tab=\"2\" role=\"tab\" tabindex=\"-1\" aria-controls=\"elementor-tab-content-1292\" aria-expanded=\"false\">Horario<\/div>\n\t\t\t\t\t<div id=\"elementor-tab-content-1292\" class=\"elementor-tab-content elementor-clearfix\" data-tab=\"2\" role=\"tabpanel\" aria-labelledby=\"elementor-tab-title-1292\" tabindex=\"0\" hidden=\"hidden\"><p>La agenda diaria en la Escuela Elemental consta de 6 per\u00edodos de 50 minutos cada uno m\u00e1s los per\u00edodos de recreo y almuerzo. Se trabaja por ciclos de 6 d\u00edas comenzando con la letra A hasta la F.<\/p><h2>Programa<\/h2><div>7:45am-8:00am\u00a0 \u00a0 \u00a0Sal\u00f3n Hogar<br \/>8:00am-8:50am\u00a0 \u00a0 \u00a01er. Per\u00edodo<br \/>8:50am-9:05am\u00a0 \u00a0 \u00a0Recreo<br \/>9:05am-9:55am\u00a0 \u00a0 \u00a02do. Per\u00edodo<br \/>9:55am-10:45am\u00a0 \u00a03er. Per\u00edodo<br \/>10:45am-11:35am 4to. Per\u00edodo<br \/>11:35am-12:20pm Almuerzo<br \/>12:20pm-1:10pm\u00a0 \u00a05to. Per\u00edodo<br \/>1:10pm-2:00pm\u00a0 \u00a0 \u00a06to. Per\u00edodo<br \/>2:00pm-2:15pm\u00a0 \u00a0 \u00a0Sal\u00f3n Hogar (Salida)<\/div><p>2:15pm-3:00pm\u00a0 \u00a0 \u00a0Asistencia al Estudiante (seg\u00fan se establezca)<\/p><\/div>\n\t\t\t\t\t\t\t<\/div>\n\t\t<\/div>\n\t\t\t\t\t\t<\/div>\n\t\t\t\t<\/div>\n\t\t\t\t\t<\/div>\n\t\t<\/div>\n\t\t\t\t\t<\/div>\n\t\t<\/section>\n\t\t\t\t<\/div>\n\t\t","protected":false},"excerpt":{"rendered":"<p>ESCUELA ELEMENTAL En la Escuela Elemental, promovemos una educaci\u00f3n integral, caracterizada por la pedagog\u00eda de la presencia y teniendo en consideraci\u00f3n las caracter\u00edsticas propias de los ni\u00f1os en esta etapa, tanto en el \u00e1rea social, emocional como evolutiva, mediante un curr\u00edculo humanista y constructivista. En este proceso, los ni\u00f1os son los art\u00edfices de sus aprendizajes [&hellip;]<\/p>\n","protected":false},"author":4,"featured_media":0,"parent":1824,"menu_order":2,"comment_status":"closed","ping_status":"closed","template":"elementor_header_footer","meta":{"_monsterinsights_skip_tracking":false,"_monsterinsights_sitenote_active":false,"_monsterinsights_sitenote_note":"","_monsterinsights_sitenote_category":0,"footnotes":""},"class_list":["post-1841","page","type-page","status-publish","hentry"],"yoast_head":"<!-- This site is optimized with the Yoast SEO plugin v27.2 - https:\/\/yoast.com\/product\/yoast-seo-wordpress\/ -->\n<title>Escuela Elemental - Colegio Marista Guaynabo<\/title>\n<meta name=\"robots\" content=\"index, follow, max-snippet:-1, max-image-preview:large, max-video-preview:-1\" \/>\n<link rel=\"canonical\" href=\"https:\/\/maristasguaynabo.org\/home\/oferta-academica\/propuesta-curricular\/escuela-elemental\/\" \/>\n<meta property=\"og:locale\" content=\"es_ES\" \/>\n<meta property=\"og:type\" content=\"article\" \/>\n<meta property=\"og:title\" content=\"Escuela Elemental - Colegio Marista Guaynabo\" \/>\n<meta property=\"og:description\" content=\"ESCUELA ELEMENTAL En la Escuela Elemental, promovemos una educaci\u00f3n integral, caracterizada por la pedagog\u00eda de la presencia y teniendo en consideraci\u00f3n las caracter\u00edsticas propias de los ni\u00f1os en esta etapa, tanto en el \u00e1rea social, emocional como evolutiva, mediante un curr\u00edculo humanista y constructivista. En este proceso, los ni\u00f1os son los art\u00edfices de sus aprendizajes [&hellip;]\" \/>\n<meta property=\"og:url\" content=\"https:\/\/maristasguaynabo.org\/home\/oferta-academica\/propuesta-curricular\/escuela-elemental\/\" \/>\n<meta property=\"og:site_name\" content=\"Colegio Marista Guaynabo\" \/>\n<meta property=\"article:modified_time\" content=\"2022-09-05T19:02:39+00:00\" \/>\n<meta property=\"og:image\" content=\"https:\/\/maristasguaynabo.org\/home\/wp-content\/uploads\/2021\/08\/section.png\" \/>\n<meta name=\"twitter:card\" content=\"summary_large_image\" \/>\n<meta name=\"twitter:label1\" content=\"Tiempo de lectura\" \/>\n\t<meta name=\"twitter:data1\" content=\"2 minutos\" \/>\n<script type=\"application\/ld+json\" class=\"yoast-schema-graph\">{\"@context\":\"https:\/\/schema.org\",\"@graph\":[{\"@type\":\"WebPage\",\"@id\":\"https:\/\/maristasguaynabo.org\/home\/oferta-academica\/propuesta-curricular\/escuela-elemental\/\",\"url\":\"https:\/\/maristasguaynabo.org\/home\/oferta-academica\/propuesta-curricular\/escuela-elemental\/\",\"name\":\"Escuela Elemental - Colegio Marista Guaynabo\",\"isPartOf\":{\"@id\":\"https:\/\/maristasguaynabo.org\/home\/#website\"},\"primaryImageOfPage\":{\"@id\":\"https:\/\/maristasguaynabo.org\/home\/oferta-academica\/propuesta-curricular\/escuela-elemental\/#primaryimage\"},\"image\":{\"@id\":\"https:\/\/maristasguaynabo.org\/home\/oferta-academica\/propuesta-curricular\/escuela-elemental\/#primaryimage\"},\"thumbnailUrl\":\"https:\/\/maristasguaynabo.org\/home\/wp-content\/uploads\/2021\/08\/section.png\",\"datePublished\":\"2022-03-07T13:45:51+00:00\",\"dateModified\":\"2022-09-05T19:02:39+00:00\",\"breadcrumb\":{\"@id\":\"https:\/\/maristasguaynabo.org\/home\/oferta-academica\/propuesta-curricular\/escuela-elemental\/#breadcrumb\"},\"inLanguage\":\"es\",\"potentialAction\":[{\"@type\":\"ReadAction\",\"target\":[\"https:\/\/maristasguaynabo.org\/home\/oferta-academica\/propuesta-curricular\/escuela-elemental\/\"]}]},{\"@type\":\"ImageObject\",\"inLanguage\":\"es\",\"@id\":\"https:\/\/maristasguaynabo.org\/home\/oferta-academica\/propuesta-curricular\/escuela-elemental\/#primaryimage\",\"url\":\"https:\/\/maristasguaynabo.org\/home\/wp-content\/uploads\/2021\/08\/section.png\",\"contentUrl\":\"https:\/\/maristasguaynabo.org\/home\/wp-content\/uploads\/2021\/08\/section.png\",\"width\":13,\"height\":40},{\"@type\":\"BreadcrumbList\",\"@id\":\"https:\/\/maristasguaynabo.org\/home\/oferta-academica\/propuesta-curricular\/escuela-elemental\/#breadcrumb\",\"itemListElement\":[{\"@type\":\"ListItem\",\"position\":1,\"name\":\"Portada\",\"item\":\"https:\/\/maristasguaynabo.org\/home\/\"},{\"@type\":\"ListItem\",\"position\":2,\"name\":\"Oferta Acad\u00e9mica\",\"item\":\"https:\/\/maristasguaynabo.org\/home\/oferta-academica\/\"},{\"@type\":\"ListItem\",\"position\":3,\"name\":\"Propuesta Curricular\",\"item\":\"https:\/\/maristasguaynabo.org\/home\/oferta-academica\/propuesta-curricular\/\"},{\"@type\":\"ListItem\",\"position\":4,\"name\":\"Escuela Elemental\"}]},{\"@type\":\"WebSite\",\"@id\":\"https:\/\/maristasguaynabo.org\/home\/#website\",\"url\":\"https:\/\/maristasguaynabo.org\/home\/\",\"name\":\"Colegio Marista Guaynabo\",\"description\":\"\",\"publisher\":{\"@id\":\"https:\/\/maristasguaynabo.org\/home\/#organization\"},\"potentialAction\":[{\"@type\":\"SearchAction\",\"target\":{\"@type\":\"EntryPoint\",\"urlTemplate\":\"https:\/\/maristasguaynabo.org\/home\/?s={search_term_string}\"},\"query-input\":{\"@type\":\"PropertyValueSpecification\",\"valueRequired\":true,\"valueName\":\"search_term_string\"}}],\"inLanguage\":\"es\"},{\"@type\":\"Organization\",\"@id\":\"https:\/\/maristasguaynabo.org\/home\/#organization\",\"name\":\"Colegio Marista Guaynabo\",\"url\":\"https:\/\/maristasguaynabo.org\/home\/\",\"logo\":{\"@type\":\"ImageObject\",\"inLanguage\":\"es\",\"@id\":\"https:\/\/maristasguaynabo.org\/home\/#\/schema\/logo\/image\/\",\"url\":\"https:\/\/maristasguaynabo.org\/home\/wp-content\/uploads\/2022\/08\/10_GUAYNABO_final.png\",\"contentUrl\":\"https:\/\/maristasguaynabo.org\/home\/wp-content\/uploads\/2022\/08\/10_GUAYNABO_final.png\",\"width\":924,\"height\":177,\"caption\":\"Colegio Marista Guaynabo\"},\"image\":{\"@id\":\"https:\/\/maristasguaynabo.org\/home\/#\/schema\/logo\/image\/\"}}]}<\/script>\n<!-- \/ Yoast SEO plugin. -->","yoast_head_json":{"title":"Escuela Elemental - Colegio Marista Guaynabo","robots":{"index":"index","follow":"follow","max-snippet":"max-snippet:-1","max-image-preview":"max-image-preview:large","max-video-preview":"max-video-preview:-1"},"canonical":"https:\/\/maristasguaynabo.org\/home\/oferta-academica\/propuesta-curricular\/escuela-elemental\/","og_locale":"es_ES","og_type":"article","og_title":"Escuela Elemental - Colegio Marista Guaynabo","og_description":"ESCUELA ELEMENTAL En la Escuela Elemental, promovemos una educaci\u00f3n integral, caracterizada por la pedagog\u00eda de la presencia y teniendo en consideraci\u00f3n las caracter\u00edsticas propias de los ni\u00f1os en esta etapa, tanto en el \u00e1rea social, emocional como evolutiva, mediante un curr\u00edculo humanista y constructivista. En este proceso, los ni\u00f1os son los art\u00edfices de sus aprendizajes [&hellip;]","og_url":"https:\/\/maristasguaynabo.org\/home\/oferta-academica\/propuesta-curricular\/escuela-elemental\/","og_site_name":"Colegio Marista Guaynabo","article_modified_time":"2022-09-05T19:02:39+00:00","og_image":[{"url":"https:\/\/maristasguaynabo.org\/home\/wp-content\/uploads\/2021\/08\/section.png","type":"","width":"","height":""}],"twitter_card":"summary_large_image","twitter_misc":{"Tiempo de lectura":"2 minutos"},"schema":{"@context":"https:\/\/schema.org","@graph":[{"@type":"WebPage","@id":"https:\/\/maristasguaynabo.org\/home\/oferta-academica\/propuesta-curricular\/escuela-elemental\/","url":"https:\/\/maristasguaynabo.org\/home\/oferta-academica\/propuesta-curricular\/escuela-elemental\/","name":"Escuela Elemental - Colegio Marista Guaynabo","isPartOf":{"@id":"https:\/\/maristasguaynabo.org\/home\/#website"},"primaryImageOfPage":{"@id":"https:\/\/maristasguaynabo.org\/home\/oferta-academica\/propuesta-curricular\/escuela-elemental\/#primaryimage"},"image":{"@id":"https:\/\/maristasguaynabo.org\/home\/oferta-academica\/propuesta-curricular\/escuela-elemental\/#primaryimage"},"thumbnailUrl":"https:\/\/maristasguaynabo.org\/home\/wp-content\/uploads\/2021\/08\/section.png","datePublished":"2022-03-07T13:45:51+00:00","dateModified":"2022-09-05T19:02:39+00:00","breadcrumb":{"@id":"https:\/\/maristasguaynabo.org\/home\/oferta-academica\/propuesta-curricular\/escuela-elemental\/#breadcrumb"},"inLanguage":"es","potentialAction":[{"@type":"ReadAction","target":["https:\/\/maristasguaynabo.org\/home\/oferta-academica\/propuesta-curricular\/escuela-elemental\/"]}]},{"@type":"ImageObject","inLanguage":"es","@id":"https:\/\/maristasguaynabo.org\/home\/oferta-academica\/propuesta-curricular\/escuela-elemental\/#primaryimage","url":"https:\/\/maristasguaynabo.org\/home\/wp-content\/uploads\/2021\/08\/section.png","contentUrl":"https:\/\/maristasguaynabo.org\/home\/wp-content\/uploads\/2021\/08\/section.png","width":13,"height":40},{"@type":"BreadcrumbList","@id":"https:\/\/maristasguaynabo.org\/home\/oferta-academica\/propuesta-curricular\/escuela-elemental\/#breadcrumb","itemListElement":[{"@type":"ListItem","position":1,"name":"Portada","item":"https:\/\/maristasguaynabo.org\/home\/"},{"@type":"ListItem","position":2,"name":"Oferta Acad\u00e9mica","item":"https:\/\/maristasguaynabo.org\/home\/oferta-academica\/"},{"@type":"ListItem","position":3,"name":"Propuesta Curricular","item":"https:\/\/maristasguaynabo.org\/home\/oferta-academica\/propuesta-curricular\/"},{"@type":"ListItem","position":4,"name":"Escuela Elemental"}]},{"@type":"WebSite","@id":"https:\/\/maristasguaynabo.org\/home\/#website","url":"https:\/\/maristasguaynabo.org\/home\/","name":"Colegio Marista Guaynabo","description":"","publisher":{"@id":"https:\/\/maristasguaynabo.org\/home\/#organization"},"potentialAction":[{"@type":"SearchAction","target":{"@type":"EntryPoint","urlTemplate":"https:\/\/maristasguaynabo.org\/home\/?s={search_term_string}"},"query-input":{"@type":"PropertyValueSpecification","valueRequired":true,"valueName":"search_term_string"}}],"inLanguage":"es"},{"@type":"Organization","@id":"https:\/\/maristasguaynabo.org\/home\/#organization","name":"Colegio Marista Guaynabo","url":"https:\/\/maristasguaynabo.org\/home\/","logo":{"@type":"ImageObject","inLanguage":"es","@id":"https:\/\/maristasguaynabo.org\/home\/#\/schema\/logo\/image\/","url":"https:\/\/maristasguaynabo.org\/home\/wp-content\/uploads\/2022\/08\/10_GUAYNABO_final.png","contentUrl":"https:\/\/maristasguaynabo.org\/home\/wp-content\/uploads\/2022\/08\/10_GUAYNABO_final.png","width":924,"height":177,"caption":"Colegio Marista Guaynabo"},"image":{"@id":"https:\/\/maristasguaynabo.org\/home\/#\/schema\/logo\/image\/"}}]}},"_links":{"self":[{"href":"https:\/\/maristasguaynabo.org\/home\/wp-json\/wp\/v2\/pages\/1841","targetHints":{"allow":["GET"]}}],"collection":[{"href":"https:\/\/maristasguaynabo.org\/home\/wp-json\/wp\/v2\/pages"}],"about":[{"href":"https:\/\/maristasguaynabo.org\/home\/wp-json\/wp\/v2\/types\/page"}],"author":[{"embeddable":true,"href":"https:\/\/maristasguaynabo.org\/home\/wp-json\/wp\/v2\/users\/4"}],"replies":[{"embeddable":true,"href":"https:\/\/maristasguaynabo.org\/home\/wp-json\/wp\/v2\/comments?post=1841"}],"version-history":[{"count":26,"href":"https:\/\/maristasguaynabo.org\/home\/wp-json\/wp\/v2\/pages\/1841\/revisions"}],"predecessor-version":[{"id":3570,"href":"https:\/\/maristasguaynabo.org\/home\/wp-json\/wp\/v2\/pages\/1841\/revisions\/3570"}],"up":[{"embeddable":true,"href":"https:\/\/maristasguaynabo.org\/home\/wp-json\/wp\/v2\/pages\/1824"}],"wp:attachment":[{"href":"https:\/\/maristasguaynabo.org\/home\/wp-json\/wp\/v2\/media?parent=1841"}],"curies":[{"name":"wp","href":"https:\/\/api.w.org\/{rel}","templated":true}]}}