{"id":1801,"date":"2022-03-07T07:17:01","date_gmt":"2022-03-07T13:17:01","guid":{"rendered":"https:\/\/maristascondega.org\/guaynabo\/?page_id=1801"},"modified":"2026-01-20T11:50:41","modified_gmt":"2026-01-20T17:50:41","slug":"equipo","status":"publish","type":"page","link":"https:\/\/maristasguaynabo.org\/home\/quienes-somos\/equipo\/","title":{"rendered":"Equipo"},"content":{"rendered":"\t\t<div data-elementor-type=\"wp-page\" data-elementor-id=\"1801\" class=\"elementor elementor-1801\" data-elementor-post-type=\"page\">\n\t\t\t\t\t\t<section class=\"elementor-section elementor-top-section elementor-element elementor-element-de6e01b elementor-section-full_width elementor-section-height-default elementor-section-height-default\" data-id=\"de6e01b\" data-element_type=\"section\" data-e-type=\"section\" data-settings=\"{&quot;background_background&quot;:&quot;classic&quot;}\">\n\t\t\t\t\t\t<div class=\"elementor-container elementor-column-gap-no\">\n\t\t\t\t\t<div class=\"elementor-column elementor-col-100 elementor-top-column elementor-element elementor-element-20aecf7\" data-id=\"20aecf7\" data-element_type=\"column\" data-e-type=\"column\">\n\t\t\t<div class=\"elementor-widget-wrap elementor-element-populated\">\n\t\t\t\t\t\t<section class=\"elementor-section elementor-inner-section elementor-element elementor-element-04b85df elementor-section-boxed elementor-section-height-default elementor-section-height-default elementor-invisible\" data-id=\"04b85df\" data-element_type=\"section\" data-e-type=\"section\" data-settings=\"{&quot;motion_fx_motion_fx_scrolling&quot;:&quot;yes&quot;,&quot;animation&quot;:&quot;slideInRight&quot;,&quot;motion_fx_devices&quot;:[&quot;desktop&quot;,&quot;tablet&quot;,&quot;mobile&quot;]}\">\n\t\t\t\t\t\t<div class=\"elementor-container elementor-column-gap-default\">\n\t\t\t\t\t<div class=\"elementor-column elementor-col-100 elementor-inner-column elementor-element elementor-element-a432ff0\" data-id=\"a432ff0\" data-element_type=\"column\" data-e-type=\"column\">\n\t\t\t<div class=\"elementor-widget-wrap elementor-element-populated\">\n\t\t\t\t\t\t<div class=\"elementor-element elementor-element-e922189 elementor-widget__width-initial elementor-widget-mobile__width-initial elementor-widget elementor-widget-image\" data-id=\"e922189\" data-element_type=\"widget\" data-e-type=\"widget\" data-widget_type=\"image.default\">\n\t\t\t\t<div class=\"elementor-widget-container\">\n\t\t\t\t\t\t\t\t\t\t\t\t\t\t\t<img decoding=\"async\" width=\"13\" height=\"40\" src=\"https:\/\/maristasguaynabo.org\/home\/wp-content\/uploads\/2021\/08\/section.png\" class=\"attachment-full size-full wp-image-86\" alt=\"\" \/>\t\t\t\t\t\t\t\t\t\t\t\t\t\t\t<\/div>\n\t\t\t\t<\/div>\n\t\t\t\t<div class=\"elementor-element elementor-element-b0ad1ff elementor-widget__width-auto elementor-widget elementor-widget-heading\" data-id=\"b0ad1ff\" data-element_type=\"widget\" data-e-type=\"widget\" data-widget_type=\"heading.default\">\n\t\t\t\t<div class=\"elementor-widget-container\">\n\t\t\t\t\t<h2 class=\"elementor-heading-title elementor-size-default\">EQUIPO<\/h2>\t\t\t\t<\/div>\n\t\t\t\t<\/div>\n\t\t\t\t\t<\/div>\n\t\t<\/div>\n\t\t\t\t\t<\/div>\n\t\t<\/section>\n\t\t\t\t\t<\/div>\n\t\t<\/div>\n\t\t\t\t\t<\/div>\n\t\t<\/section>\n\t\t\t\t<section class=\"elementor-section elementor-top-section elementor-element elementor-element-19c942e elementor-section-full_width elementor-section-height-default elementor-section-height-default\" data-id=\"19c942e\" data-element_type=\"section\" data-e-type=\"section\">\n\t\t\t\t\t\t<div class=\"elementor-container elementor-column-gap-no\">\n\t\t\t\t\t<div class=\"elementor-column elementor-col-100 elementor-top-column elementor-element elementor-element-5158cb7\" data-id=\"5158cb7\" data-element_type=\"column\" data-e-type=\"column\">\n\t\t\t<div class=\"elementor-widget-wrap elementor-element-populated\">\n\t\t\t\t\t\t<div class=\"elementor-element elementor-element-8bc2258 elementor-widget elementor-widget-image\" data-id=\"8bc2258\" data-element_type=\"widget\" data-e-type=\"widget\" data-widget_type=\"image.default\">\n\t\t\t\t<div class=\"elementor-widget-container\">\n\t\t\t\t\t\t\t\t\t\t\t\t\t\t\t<img fetchpriority=\"high\" decoding=\"async\" width=\"1979\" height=\"789\" src=\"https:\/\/maristasguaynabo.org\/home\/wp-content\/uploads\/2022\/08\/Para-educar-a-los-ninos-hay-que-amarlos-y-amarlos-a-todos-por-igual.-1.png\" class=\"attachment-full size-full wp-image-3322\" alt=\"\" srcset=\"https:\/\/maristasguaynabo.org\/home\/wp-content\/uploads\/2022\/08\/Para-educar-a-los-ninos-hay-que-amarlos-y-amarlos-a-todos-por-igual.-1.png 1979w, https:\/\/maristasguaynabo.org\/home\/wp-content\/uploads\/2022\/08\/Para-educar-a-los-ninos-hay-que-amarlos-y-amarlos-a-todos-por-igual.-1-300x120.png 300w, https:\/\/maristasguaynabo.org\/home\/wp-content\/uploads\/2022\/08\/Para-educar-a-los-ninos-hay-que-amarlos-y-amarlos-a-todos-por-igual.-1-1024x408.png 1024w, https:\/\/maristasguaynabo.org\/home\/wp-content\/uploads\/2022\/08\/Para-educar-a-los-ninos-hay-que-amarlos-y-amarlos-a-todos-por-igual.-1-768x306.png 768w, https:\/\/maristasguaynabo.org\/home\/wp-content\/uploads\/2022\/08\/Para-educar-a-los-ninos-hay-que-amarlos-y-amarlos-a-todos-por-igual.-1-1536x612.png 1536w\" sizes=\"(max-width: 1979px) 100vw, 1979px\" \/>\t\t\t\t\t\t\t\t\t\t\t\t\t\t\t<\/div>\n\t\t\t\t<\/div>\n\t\t\t\t\t<\/div>\n\t\t<\/div>\n\t\t\t\t\t<\/div>\n\t\t<\/section>\n\t\t\t\t<section class=\"elementor-section elementor-top-section elementor-element elementor-element-e3f8415 elementor-section-boxed elementor-section-height-default elementor-section-height-default\" data-id=\"e3f8415\" data-element_type=\"section\" data-e-type=\"section\">\n\t\t\t\t\t\t<div class=\"elementor-container elementor-column-gap-default\">\n\t\t\t\t\t<div class=\"elementor-column elementor-col-100 elementor-top-column elementor-element elementor-element-1690fd7\" data-id=\"1690fd7\" data-element_type=\"column\" data-e-type=\"column\">\n\t\t\t<div class=\"elementor-widget-wrap elementor-element-populated\">\n\t\t\t\t\t\t<div class=\"elementor-element elementor-element-e7edce5 elementor-tabs-view-horizontal elementor-widget elementor-widget-tabs\" data-id=\"e7edce5\" data-element_type=\"widget\" data-e-type=\"widget\" data-widget_type=\"tabs.default\">\n\t\t\t\t<div class=\"elementor-widget-container\">\n\t\t\t\t\t\t\t<div class=\"elementor-tabs\">\n\t\t\t<div class=\"elementor-tabs-wrapper\" role=\"tablist\" >\n\t\t\t\t\t\t\t\t\t<div id=\"elementor-tab-title-2431\" class=\"elementor-tab-title elementor-tab-desktop-title\" aria-selected=\"true\" data-tab=\"1\" role=\"tab\" tabindex=\"0\" aria-controls=\"elementor-tab-content-2431\" aria-expanded=\"false\">Consejo Educativo<\/div>\n\t\t\t\t\t\t\t\t\t<div id=\"elementor-tab-title-2432\" class=\"elementor-tab-title elementor-tab-desktop-title\" aria-selected=\"false\" data-tab=\"2\" role=\"tab\" tabindex=\"-1\" aria-controls=\"elementor-tab-content-2432\" aria-expanded=\"false\">Secretar\u00eda y Administraci\u00f3n<\/div>\n\t\t\t\t\t\t\t\t\t<div id=\"elementor-tab-title-2433\" class=\"elementor-tab-title elementor-tab-desktop-title\" aria-selected=\"false\" data-tab=\"3\" role=\"tab\" tabindex=\"-1\" aria-controls=\"elementor-tab-content-2433\" aria-expanded=\"false\">Consejer\u00eda<\/div>\n\t\t\t\t\t\t\t\t\t<div id=\"elementor-tab-title-2434\" class=\"elementor-tab-title elementor-tab-desktop-title\" aria-selected=\"false\" data-tab=\"4\" role=\"tab\" tabindex=\"-1\" aria-controls=\"elementor-tab-content-2434\" aria-expanded=\"false\">Biblioteca\/Centro de Recursos<\/div>\n\t\t\t\t\t\t\t<\/div>\n\t\t\t<div class=\"elementor-tabs-content-wrapper\" role=\"tablist\" aria-orientation=\"vertical\">\n\t\t\t\t\t\t\t\t\t<div class=\"elementor-tab-title elementor-tab-mobile-title\" aria-selected=\"true\" data-tab=\"1\" role=\"tab\" tabindex=\"0\" aria-controls=\"elementor-tab-content-2431\" aria-expanded=\"false\">Consejo Educativo<\/div>\n\t\t\t\t\t<div id=\"elementor-tab-content-2431\" class=\"elementor-tab-content elementor-clearfix\" data-tab=\"1\" role=\"tabpanel\" aria-labelledby=\"elementor-tab-title-2431\" tabindex=\"0\" hidden=\"false\"><h3>Presidente:<\/h3><ul><li>H. Carlos R. V\u00e9lez Cacho<\/li><\/ul><h3>Directora:<\/h3><ul><li>Gloria Garc\u00eda de Jes\u00fas<\/li><\/ul><h3>Administradora Financiera:<\/h3><ul><li data-olk-copy-source=\"MessageBody\">Sra. Nidia M\u00e9ndez Joy<\/li><\/ul><h3>Administrador de Instalaciones:<\/h3><ul><li>Sr. Jos\u00e9 A. Rodr\u00edguez Barbosa,\u00a0<\/li><\/ul><h3>Coordinadoras:<\/h3><ul><li>Preescolar:\u00a0 \u00a0Alison Giannotti<\/li><li>Elemental:\u00a0 \u00a0 Iris del Valle<\/li><li>Intermedia:\u00a0 Lilybel Rom\u00e1n<\/li><li>Superior:\u00a0 \u00a0 \u00a0 Daisy Bonilla<\/li><li>Pastoral:\u00a0 \u00a0 \u00a0 \u00a0Ivonne Navarro<\/li><li>Decano de Disciplina: Leandro Fr\u00edas<\/li><\/ul><\/div>\n\t\t\t\t\t\t\t\t\t<div class=\"elementor-tab-title elementor-tab-mobile-title\" aria-selected=\"false\" data-tab=\"2\" role=\"tab\" tabindex=\"-1\" aria-controls=\"elementor-tab-content-2432\" aria-expanded=\"false\">Secretar\u00eda y Administraci\u00f3n<\/div>\n\t\t\t\t\t<div id=\"elementor-tab-content-2432\" class=\"elementor-tab-content elementor-clearfix\" data-tab=\"2\" role=\"tabpanel\" aria-labelledby=\"elementor-tab-title-2432\" tabindex=\"0\" hidden=\"hidden\"><h3>Secretar\u00eda:<\/h3>\n<ul>\n<li>Anabel Rivera<\/li>\n<li>Maritza Robles<\/li>\n<\/ul>\n<h3>Recursos Humanos:<\/h3>\n<ul>\n<li>Mirza Ortiz<\/li>\n<\/ul>\n<h3>Presidencia, Mercadeo y Comunicaciones:<\/h3>\n<ul>\n<li>Janhir Rivera<\/li>\n<\/ul>\n<h3>Asistente de Administraci\u00f3n:<\/h3>\n<ul>\n<li>&nbsp;Raiza Adrovet<\/li>\n<\/ul>\n<h3>Contabilidad:<\/h3>\n<ul>\n<li>Carmen Durand<\/li>\n<li>Noraimaly Moret<\/li>\n<\/ul>\n<h3>Primeros Auxilios:<\/h3>\n<ul>\n<li>Keishla Concepci\u00f3n<\/li>\n<\/ul>\n<h3>Portales Inform\u00e1ticos:<\/h3>\n<ul>\n<li>Isaira D\u00edaz<\/li>\n<\/ul>\n<h3>Informaci\u00f3n:<\/h3>\n<ul>\n<li>Gladys Totti<\/li>\n<\/ul>\n<h3>Redes y Equipos:<\/h3>\n<ul>\n<li>Rafael O&#8217;Farril<\/li>\n<\/ul>\n<h3>Tienda Marista:<\/h3>\n<ul>\n<li>Elsa Morales<\/li>\n<\/ul>\n<h3>Planificaci\u00f3n de Estrat\u00e9gica y Desarrollo Institucional<\/h3>\n<ul>\n<li>Ksndra Ruiz<\/li>\n<\/ul><\/div>\n\t\t\t\t\t\t\t\t\t<div class=\"elementor-tab-title elementor-tab-mobile-title\" aria-selected=\"false\" data-tab=\"3\" role=\"tab\" tabindex=\"-1\" aria-controls=\"elementor-tab-content-2433\" aria-expanded=\"false\">Consejer\u00eda<\/div>\n\t\t\t\t\t<div id=\"elementor-tab-content-2433\" class=\"elementor-tab-content elementor-clearfix\" data-tab=\"3\" role=\"tabpanel\" aria-labelledby=\"elementor-tab-title-2433\" tabindex=\"0\" hidden=\"hidden\"><h3>Psic\u00f3loga Escolar- PPk, PK, K:<\/h3>\n<ul>\n<li>Melissa Rodr\u00edguez<\/li>\n<li>mrodriguez@maristasguaynabo.org<\/li>\n<\/ul>\n<h3>Psicopedagoga &#8211; Escuela Elemental<\/h3>\n<ul>\n<li>Mar\u00eda Clara Tejada<\/li>\n<li>mtejada@maristasguaynabo.org<\/li>\n<\/ul>\n<h3>Psic\u00f3loga Escolar-Escuela Intermedia<\/h3>\n<ul>\n<li><span style=\"background-color: transparent; font-size: 18px; color: #333333; font-family: 'Open Sans', sans-serif;\">Stephanie S\u00e1nchez<\/span><\/li>\n<\/ul>\n<div>\n<ul>\n<li>ssanchez@maristasguaynabo.org<\/li>\n<\/ul>\n<h3>Consejera Escolar 9no. y 10mo.<\/h3>\n<ul>\n<li><span style=\"background-color: transparent; font-size: 18px; color: #333333; font-family: 'Open Sans', sans-serif;\">Naidymar Santiago<\/span><\/li>\n<\/ul>\n<div>\n<ul>\n<li>nsantiago@maristasguaynabo.org<\/li>\n<\/ul>\n<h3>Consejera Escolar y Orientaci\u00f3n Universitaria:<\/h3>\n<ul>\n<li>Licedia Ojeda, CPL<\/li><li>lojeda@maristasguaynabo.org<\/li>\n<\/ul>\n<\/div>\n<\/div>\n<h3>Trabajadora Social y encargada de Protocolo del Bienestar del menor<\/h3>\n<ul>\n<li>Teresita Vega<\/li>\n<li>tvega@maristasguaynabo.org<\/li>\n<\/ul>\n<ul>\n<li style=\"list-style-type: none;\">&nbsp;<\/li>\n<\/ul>\n<h3>Terapista Educativa<\/h3>\n<ul>\n<li>Wilmarie Ortiz<\/li>\n<li>wortiz@maristasguaynabo.org<\/li>\n<\/ul>\n<h3>Capell\u00e1n<\/h3>\n<ul>\n<li>Luis Felipe Rodr\u00edguez, pbro..<\/li>\n<\/ul><\/div>\n\t\t\t\t\t\t\t\t\t<div class=\"elementor-tab-title elementor-tab-mobile-title\" aria-selected=\"false\" data-tab=\"4\" role=\"tab\" tabindex=\"-1\" aria-controls=\"elementor-tab-content-2434\" aria-expanded=\"false\">Biblioteca\/Centro de Recursos<\/div>\n\t\t\t\t\t<div id=\"elementor-tab-content-2434\" class=\"elementor-tab-content elementor-clearfix\" data-tab=\"4\" role=\"tabpanel\" aria-labelledby=\"elementor-tab-title-2434\" tabindex=\"0\" hidden=\"hidden\"><h3>Bibliotecaria<\/h3><ul><li>Yasmine Torres<\/li><\/ul><h3>Tecnolog\u00eda Educativa<\/h3><ul><li>Eneida Gonz\u00e1lez<\/li><\/ul><h3>Media Lab<\/h3><ul><li>Nicole Schmidt<\/li><\/ul><\/div>\n\t\t\t\t\t\t\t<\/div>\n\t\t<\/div>\n\t\t\t\t\t\t<\/div>\n\t\t\t\t<\/div>\n\t\t\t\t\t<\/div>\n\t\t<\/div>\n\t\t\t\t\t<\/div>\n\t\t<\/section>\n\t\t\t\t<\/div>\n\t\t","protected":false},"excerpt":{"rendered":"<p>EQUIPO Consejo Educativo Secretar\u00eda y Administraci\u00f3n Consejer\u00eda Biblioteca\/Centro de Recursos Consejo Educativo Presidente: H. Carlos R. V\u00e9lez Cacho Directora: Gloria Garc\u00eda de Jes\u00fas Administradora Financiera: Sra. Nidia M\u00e9ndez Joy Administrador de Instalaciones: Sr. Jos\u00e9 A. Rodr\u00edguez Barbosa,\u00a0 Coordinadoras: Preescolar:\u00a0 \u00a0Alison Giannotti Elemental:\u00a0 \u00a0 Iris del Valle Intermedia:\u00a0 Lilybel Rom\u00e1n Superior:\u00a0 \u00a0 \u00a0 Daisy Bonilla Pastoral:\u00a0 [&hellip;]<\/p>\n","protected":false},"author":4,"featured_media":0,"parent":1788,"menu_order":4,"comment_status":"closed","ping_status":"closed","template":"","meta":{"_monsterinsights_skip_tracking":false,"_monsterinsights_sitenote_active":false,"_monsterinsights_sitenote_note":"","_monsterinsights_sitenote_category":0,"footnotes":""},"class_list":["post-1801","page","type-page","status-publish","hentry"],"yoast_head":"<!-- This site is optimized with the Yoast SEO plugin v27.2 - https:\/\/yoast.com\/product\/yoast-seo-wordpress\/ -->\n<title>Equipo - Colegio Marista Guaynabo<\/title>\n<meta name=\"robots\" content=\"index, follow, max-snippet:-1, max-image-preview:large, max-video-preview:-1\" \/>\n<link rel=\"canonical\" href=\"https:\/\/maristasguaynabo.org\/home\/quienes-somos\/equipo\/\" \/>\n<meta property=\"og:locale\" content=\"es_ES\" \/>\n<meta property=\"og:type\" content=\"article\" \/>\n<meta property=\"og:title\" content=\"Equipo - Colegio Marista Guaynabo\" \/>\n<meta property=\"og:description\" content=\"EQUIPO Consejo Educativo Secretar\u00eda y Administraci\u00f3n Consejer\u00eda Biblioteca\/Centro de Recursos Consejo Educativo Presidente: H. Carlos R. V\u00e9lez Cacho Directora: Gloria Garc\u00eda de Jes\u00fas Administradora Financiera: Sra. Nidia M\u00e9ndez Joy Administrador de Instalaciones: Sr. Jos\u00e9 A. Rodr\u00edguez Barbosa,\u00a0 Coordinadoras: Preescolar:\u00a0 \u00a0Alison Giannotti Elemental:\u00a0 \u00a0 Iris del Valle Intermedia:\u00a0 Lilybel Rom\u00e1n Superior:\u00a0 \u00a0 \u00a0 Daisy Bonilla Pastoral:\u00a0 [&hellip;]\" \/>\n<meta property=\"og:url\" content=\"https:\/\/maristasguaynabo.org\/home\/quienes-somos\/equipo\/\" \/>\n<meta property=\"og:site_name\" content=\"Colegio Marista Guaynabo\" \/>\n<meta property=\"article:modified_time\" content=\"2026-01-20T17:50:41+00:00\" \/>\n<meta property=\"og:image\" content=\"https:\/\/maristasguaynabo.org\/home\/wp-content\/uploads\/2021\/08\/section.png\" \/>\n\t<meta property=\"og:image:width\" content=\"13\" \/>\n\t<meta property=\"og:image:height\" content=\"40\" \/>\n\t<meta property=\"og:image:type\" content=\"image\/png\" \/>\n<meta name=\"twitter:card\" content=\"summary_large_image\" \/>\n<meta name=\"twitter:label1\" content=\"Tiempo de lectura\" \/>\n\t<meta name=\"twitter:data1\" content=\"2 minutos\" \/>\n<script type=\"application\/ld+json\" class=\"yoast-schema-graph\">{\"@context\":\"https:\/\/schema.org\",\"@graph\":[{\"@type\":\"WebPage\",\"@id\":\"https:\/\/maristasguaynabo.org\/home\/quienes-somos\/equipo\/\",\"url\":\"https:\/\/maristasguaynabo.org\/home\/quienes-somos\/equipo\/\",\"name\":\"Equipo - Colegio Marista Guaynabo\",\"isPartOf\":{\"@id\":\"https:\/\/maristasguaynabo.org\/home\/#website\"},\"primaryImageOfPage\":{\"@id\":\"https:\/\/maristasguaynabo.org\/home\/quienes-somos\/equipo\/#primaryimage\"},\"image\":{\"@id\":\"https:\/\/maristasguaynabo.org\/home\/quienes-somos\/equipo\/#primaryimage\"},\"thumbnailUrl\":\"https:\/\/maristasguaynabo.org\/home\/wp-content\/uploads\/2021\/08\/section.png\",\"datePublished\":\"2022-03-07T13:17:01+00:00\",\"dateModified\":\"2026-01-20T17:50:41+00:00\",\"breadcrumb\":{\"@id\":\"https:\/\/maristasguaynabo.org\/home\/quienes-somos\/equipo\/#breadcrumb\"},\"inLanguage\":\"es\",\"potentialAction\":[{\"@type\":\"ReadAction\",\"target\":[\"https:\/\/maristasguaynabo.org\/home\/quienes-somos\/equipo\/\"]}]},{\"@type\":\"ImageObject\",\"inLanguage\":\"es\",\"@id\":\"https:\/\/maristasguaynabo.org\/home\/quienes-somos\/equipo\/#primaryimage\",\"url\":\"https:\/\/maristasguaynabo.org\/home\/wp-content\/uploads\/2021\/08\/section.png\",\"contentUrl\":\"https:\/\/maristasguaynabo.org\/home\/wp-content\/uploads\/2021\/08\/section.png\",\"width\":13,\"height\":40},{\"@type\":\"BreadcrumbList\",\"@id\":\"https:\/\/maristasguaynabo.org\/home\/quienes-somos\/equipo\/#breadcrumb\",\"itemListElement\":[{\"@type\":\"ListItem\",\"position\":1,\"name\":\"Portada\",\"item\":\"https:\/\/maristasguaynabo.org\/home\/\"},{\"@type\":\"ListItem\",\"position\":2,\"name\":\"Qui\u00e9nes somos\",\"item\":\"https:\/\/maristasguaynabo.org\/home\/quienes-somos\/\"},{\"@type\":\"ListItem\",\"position\":3,\"name\":\"Equipo\"}]},{\"@type\":\"WebSite\",\"@id\":\"https:\/\/maristasguaynabo.org\/home\/#website\",\"url\":\"https:\/\/maristasguaynabo.org\/home\/\",\"name\":\"Colegio Marista Guaynabo\",\"description\":\"\",\"publisher\":{\"@id\":\"https:\/\/maristasguaynabo.org\/home\/#organization\"},\"potentialAction\":[{\"@type\":\"SearchAction\",\"target\":{\"@type\":\"EntryPoint\",\"urlTemplate\":\"https:\/\/maristasguaynabo.org\/home\/?s={search_term_string}\"},\"query-input\":{\"@type\":\"PropertyValueSpecification\",\"valueRequired\":true,\"valueName\":\"search_term_string\"}}],\"inLanguage\":\"es\"},{\"@type\":\"Organization\",\"@id\":\"https:\/\/maristasguaynabo.org\/home\/#organization\",\"name\":\"Colegio Marista Guaynabo\",\"url\":\"https:\/\/maristasguaynabo.org\/home\/\",\"logo\":{\"@type\":\"ImageObject\",\"inLanguage\":\"es\",\"@id\":\"https:\/\/maristasguaynabo.org\/home\/#\/schema\/logo\/image\/\",\"url\":\"https:\/\/maristasguaynabo.org\/home\/wp-content\/uploads\/2022\/08\/10_GUAYNABO_final.png\",\"contentUrl\":\"https:\/\/maristasguaynabo.org\/home\/wp-content\/uploads\/2022\/08\/10_GUAYNABO_final.png\",\"width\":924,\"height\":177,\"caption\":\"Colegio Marista Guaynabo\"},\"image\":{\"@id\":\"https:\/\/maristasguaynabo.org\/home\/#\/schema\/logo\/image\/\"}}]}<\/script>\n<!-- \/ Yoast SEO plugin. -->","yoast_head_json":{"title":"Equipo - Colegio Marista Guaynabo","robots":{"index":"index","follow":"follow","max-snippet":"max-snippet:-1","max-image-preview":"max-image-preview:large","max-video-preview":"max-video-preview:-1"},"canonical":"https:\/\/maristasguaynabo.org\/home\/quienes-somos\/equipo\/","og_locale":"es_ES","og_type":"article","og_title":"Equipo - Colegio Marista Guaynabo","og_description":"EQUIPO Consejo Educativo Secretar\u00eda y Administraci\u00f3n Consejer\u00eda Biblioteca\/Centro de Recursos Consejo Educativo Presidente: H. Carlos R. V\u00e9lez Cacho Directora: Gloria Garc\u00eda de Jes\u00fas Administradora Financiera: Sra. Nidia M\u00e9ndez Joy Administrador de Instalaciones: Sr. Jos\u00e9 A. Rodr\u00edguez Barbosa,\u00a0 Coordinadoras: Preescolar:\u00a0 \u00a0Alison Giannotti Elemental:\u00a0 \u00a0 Iris del Valle Intermedia:\u00a0 Lilybel Rom\u00e1n Superior:\u00a0 \u00a0 \u00a0 Daisy Bonilla Pastoral:\u00a0 [&hellip;]","og_url":"https:\/\/maristasguaynabo.org\/home\/quienes-somos\/equipo\/","og_site_name":"Colegio Marista Guaynabo","article_modified_time":"2026-01-20T17:50:41+00:00","og_image":[{"width":13,"height":40,"url":"https:\/\/maristasguaynabo.org\/home\/wp-content\/uploads\/2021\/08\/section.png","type":"image\/png"}],"twitter_card":"summary_large_image","twitter_misc":{"Tiempo de lectura":"2 minutos"},"schema":{"@context":"https:\/\/schema.org","@graph":[{"@type":"WebPage","@id":"https:\/\/maristasguaynabo.org\/home\/quienes-somos\/equipo\/","url":"https:\/\/maristasguaynabo.org\/home\/quienes-somos\/equipo\/","name":"Equipo - Colegio Marista Guaynabo","isPartOf":{"@id":"https:\/\/maristasguaynabo.org\/home\/#website"},"primaryImageOfPage":{"@id":"https:\/\/maristasguaynabo.org\/home\/quienes-somos\/equipo\/#primaryimage"},"image":{"@id":"https:\/\/maristasguaynabo.org\/home\/quienes-somos\/equipo\/#primaryimage"},"thumbnailUrl":"https:\/\/maristasguaynabo.org\/home\/wp-content\/uploads\/2021\/08\/section.png","datePublished":"2022-03-07T13:17:01+00:00","dateModified":"2026-01-20T17:50:41+00:00","breadcrumb":{"@id":"https:\/\/maristasguaynabo.org\/home\/quienes-somos\/equipo\/#breadcrumb"},"inLanguage":"es","potentialAction":[{"@type":"ReadAction","target":["https:\/\/maristasguaynabo.org\/home\/quienes-somos\/equipo\/"]}]},{"@type":"ImageObject","inLanguage":"es","@id":"https:\/\/maristasguaynabo.org\/home\/quienes-somos\/equipo\/#primaryimage","url":"https:\/\/maristasguaynabo.org\/home\/wp-content\/uploads\/2021\/08\/section.png","contentUrl":"https:\/\/maristasguaynabo.org\/home\/wp-content\/uploads\/2021\/08\/section.png","width":13,"height":40},{"@type":"BreadcrumbList","@id":"https:\/\/maristasguaynabo.org\/home\/quienes-somos\/equipo\/#breadcrumb","itemListElement":[{"@type":"ListItem","position":1,"name":"Portada","item":"https:\/\/maristasguaynabo.org\/home\/"},{"@type":"ListItem","position":2,"name":"Qui\u00e9nes somos","item":"https:\/\/maristasguaynabo.org\/home\/quienes-somos\/"},{"@type":"ListItem","position":3,"name":"Equipo"}]},{"@type":"WebSite","@id":"https:\/\/maristasguaynabo.org\/home\/#website","url":"https:\/\/maristasguaynabo.org\/home\/","name":"Colegio Marista Guaynabo","description":"","publisher":{"@id":"https:\/\/maristasguaynabo.org\/home\/#organization"},"potentialAction":[{"@type":"SearchAction","target":{"@type":"EntryPoint","urlTemplate":"https:\/\/maristasguaynabo.org\/home\/?s={search_term_string}"},"query-input":{"@type":"PropertyValueSpecification","valueRequired":true,"valueName":"search_term_string"}}],"inLanguage":"es"},{"@type":"Organization","@id":"https:\/\/maristasguaynabo.org\/home\/#organization","name":"Colegio Marista Guaynabo","url":"https:\/\/maristasguaynabo.org\/home\/","logo":{"@type":"ImageObject","inLanguage":"es","@id":"https:\/\/maristasguaynabo.org\/home\/#\/schema\/logo\/image\/","url":"https:\/\/maristasguaynabo.org\/home\/wp-content\/uploads\/2022\/08\/10_GUAYNABO_final.png","contentUrl":"https:\/\/maristasguaynabo.org\/home\/wp-content\/uploads\/2022\/08\/10_GUAYNABO_final.png","width":924,"height":177,"caption":"Colegio Marista Guaynabo"},"image":{"@id":"https:\/\/maristasguaynabo.org\/home\/#\/schema\/logo\/image\/"}}]}},"_links":{"self":[{"href":"https:\/\/maristasguaynabo.org\/home\/wp-json\/wp\/v2\/pages\/1801","targetHints":{"allow":["GET"]}}],"collection":[{"href":"https:\/\/maristasguaynabo.org\/home\/wp-json\/wp\/v2\/pages"}],"about":[{"href":"https:\/\/maristasguaynabo.org\/home\/wp-json\/wp\/v2\/types\/page"}],"author":[{"embeddable":true,"href":"https:\/\/maristasguaynabo.org\/home\/wp-json\/wp\/v2\/users\/4"}],"replies":[{"embeddable":true,"href":"https:\/\/maristasguaynabo.org\/home\/wp-json\/wp\/v2\/comments?post=1801"}],"version-history":[{"count":55,"href":"https:\/\/maristasguaynabo.org\/home\/wp-json\/wp\/v2\/pages\/1801\/revisions"}],"predecessor-version":[{"id":5202,"href":"https:\/\/maristasguaynabo.org\/home\/wp-json\/wp\/v2\/pages\/1801\/revisions\/5202"}],"up":[{"embeddable":true,"href":"https:\/\/maristasguaynabo.org\/home\/wp-json\/wp\/v2\/pages\/1788"}],"wp:attachment":[{"href":"https:\/\/maristasguaynabo.org\/home\/wp-json\/wp\/v2\/media?parent=1801"}],"curies":[{"name":"wp","href":"https:\/\/api.w.org\/{rel}","templated":true}]}}